{"id":622,"date":"2024-12-30T20:56:16","date_gmt":"2024-12-30T20:56:16","guid":{"rendered":"https:\/\/www.curico.cl\/home\/?page_id=622"},"modified":"2025-08-07T17:03:28","modified_gmt":"2025-08-07T17:03:28","slug":"direccion-de-aseo-y-ornato","status":"publish","type":"page","link":"https:\/\/www.curico.cl\/home\/direccion-de-aseo-y-ornato\/","title":{"rendered":"Direcci\u00f3n de Aseo y Ornato"},"content":{"rendered":"\t\t<div data-elementor-type=\"wp-page\" data-elementor-id=\"622\" class=\"elementor elementor-622\" data-elementor-post-type=\"page\">\n\t\t\t\t<div class=\"elementor-element elementor-element-f2e2149 e-flex e-con-boxed e-con e-parent\" data-id=\"f2e2149\" data-element_type=\"container\" data-e-type=\"container\">\n\t\t\t\t\t<div class=\"e-con-inner\">\n\t\t<div class=\"elementor-element elementor-element-f9eedb1 e-con-full e-flex e-con e-child\" data-id=\"f9eedb1\" data-element_type=\"container\" data-e-type=\"container\">\n\t\t\t\t<div class=\"elementor-element elementor-element-b376a56 elementor-widget elementor-widget-text-editor\" data-id=\"b376a56\" data-element_type=\"widget\" data-e-type=\"widget\" data-widget_type=\"text-editor.default\">\n\t\t\t\t<div class=\"elementor-widget-container\">\n\t\t\t\t\t\t\t\t\t<p style=\"text-align: justify;\"><strong>Direcci\u00f3n de Aseo y Ornato, Transporte y Movilizaci\u00f3n<\/strong>, es la Unidad de l\u00ednea asesora y operativa, de dependencia del Alcalde, encargada del Aseo y Ornato de los bienes nacionales de uso p\u00fablico existente en la Comuna, del servicio de recolecci\u00f3n de residuos domiciliarios y disposici\u00f3n final en relleno sanitario.\u00a0 De la construcci\u00f3n, conservaci\u00f3n y administraci\u00f3n de las \u00e1reas verdes, as\u00ed como tambi\u00e9n de proponer medidas tendientes a materializar acciones y programas relacionados con medio ambiente de la Comuna y lo relacionado con la administraci\u00f3n y mantenci\u00f3n de veh\u00edculos municipales.<\/p><p style=\"text-align: justify;\">\u00a0\u00a0\u00a0\u00a0\u00a0\u00a0\u00a0\u00a0\u00a0\u00a0\u00a0 La Direcci\u00f3n de Aseo y Ornato deber\u00e1 cumplir las siguientes funciones:<strong>\u00a0<\/strong><\/p><p style=\"text-align: justify;\"><a name=\"_Toc443898118\"><\/a><a name=\"_Toc482358841\"><\/a>\u00a0<\/p><ol style=\"text-align: justify;\"><li>Fiscalizar y evaluar el cumplimiento de los Contratos y Concesiones de los Servicios de Aseo, Relleno Sanitario y \u00c1reas Verdes, y de los que sean supervisados por esta Direcci\u00f3n.<\/li><li>Visar facturas por prestaci\u00f3n de servicios de los contratistas.<\/li><li>Hacer cumplir las Leyes y Ordenanzas referente al aseo y ornato de la Comuna.<\/li><li>Fiscalizar el cumplimiento del servicio de recolecci\u00f3n y disposici\u00f3n final de residuos s\u00f3lidos domiciliarios.<\/li><li>Estudiar y proponer iniciativas de inversi\u00f3n que contribuyan a un mejoramiento de la gesti\u00f3n de esta Direcci\u00f3n.<\/li><li>Colaborar con la Direcci\u00f3n de Administraci\u00f3n y Finanzas en el c\u00e1lculo del derecho de aseo domiciliario, de acuerdo con la Ley de Rentas Municipales y la Ordenanza respectiva.<\/li><li>Colaborar con la Secretar\u00eda Comunal de Planificaci\u00f3n en la elaboraci\u00f3n de las bases t\u00e9cnicas relativas a las concesiones de aseo, rellenos sanitarios, de \u00e1reas verdes, de ornamentaci\u00f3n, riego, y en general de las contrataciones necesarias, para el cumplimiento de sus funciones.<\/li><li>Fiscalizar el dise\u00f1o, construcci\u00f3n y mantenci\u00f3n de las \u00e1reas verdes de los bienes nacionales de uso p\u00fablico, entregados en concesi\u00f3n a terceros.<\/li><li>Administraci\u00f3n del Vivero Municipal.<\/li><li>Aprobar iniciativas de inversi\u00f3n de arborizaci\u00f3n y \u00e1reas verdes p\u00fablicas, ejecutados por loteadores, urbanizadores, concesionarios o vecinos, que se realicen en la Comuna.<\/li><li>Ejercer la supervisi\u00f3n jer\u00e1rquica en lo administrativo y de funcionamiento del personal de programas y servicios de esta Unidad.<\/li><li>Aplicar el Plan de Emergencia Comunal en el \u00e1mbito de su competencia, en coordinaci\u00f3n con las otras unidades municipales y dem\u00e1s \u00f3rganos del Estado competente.<\/li><li>Dictar, firmar y autorizar la circulaci\u00f3n de veh\u00edculos municipales, a fin de cumplir cometidos de inter\u00e9s municipal durante los d\u00edas S\u00e1bado en la tarde, Domingo y Festivos.<\/li><li>Ejercer la supervisi\u00f3n jer\u00e1rquica en lo administrativo y de funcionamiento de las unidades de su dependencia.<\/li><li>Elaborar criterios para aplicar pol\u00edticas de \u00e1reas verdes y arbolado urbano, en concordancia con la normativa vigente.<\/li><li>Ejercer la supervisi\u00f3n jer\u00e1rquica en lo administrativo y de funcionamiento de las unidades de su dependencia.<\/li><li>Otras funciones que la Ley o el Alcalde le encomiende.<strong> <br \/><\/strong><\/li><\/ol><p style=\"text-align: justify;\"><strong>As\u00ed, de la Direcci\u00f3n de Aseo, Ornato, Transporte y Movilizaci\u00f3n<\/strong> dependen los siguientes Departamentos y Oficinas:<\/p><ol style=\"text-align: justify;\"><li>Departamento de Aseo<\/li><li>Departamento de Transporte y Movilizaci\u00f3n<\/li><li>Oficina de Ornato y Mantenci\u00f3n de Parques y Jardines<\/li><li>\u00a0Oficina de cobro de derechos de aseo.<\/li><\/ol><p>\u00a0<\/p>\t\t\t\t\t\t\t\t<\/div>\n\t\t\t\t<\/div>\n\t\t\t\t<\/div>\n\t\t<div class=\"elementor-element elementor-element-24376c4 e-con-full e-flex e-con e-child\" data-id=\"24376c4\" data-element_type=\"container\" data-e-type=\"container\">\n\t\t<div class=\"elementor-element elementor-element-25dcef0 e-con-full e-flex e-con e-child\" data-id=\"25dcef0\" data-element_type=\"container\" data-e-type=\"container\">\n\t\t\t\t<div class=\"elementor-element elementor-element-5d04653 elementor-widget elementor-widget-pafe-vertical-timeline\" data-id=\"5d04653\" data-element_type=\"widget\" data-e-type=\"widget\" data-widget_type=\"pafe-vertical-timeline.default\">\n\t\t\t\t<div class=\"elementor-widget-container\">\n\t\t\t\t\t\t\t<div class=\"cd-timeline js-cd-timeline pafe-vertical-timeline\" data-pafe-vertical-timeline>\n\t\t\t<div class=\"cd-timeline__container\">\n\t\t\t\t\t<div class=\"cd-timeline__block pafe-vertical-timeline__block\">\n\t\t\t\t\t\t\t\t\t\t\n\t\t\t\t\t\t<div class=\"cd-timeline__img cd-timeline__img--picture pafe-vertical-timeline__icon\">\t\t\n\t\t\t\t\t\t\t<i class=\"fa fa-user\" aria-hidden=\"true\"><\/i>\t\n\t\t\t\t\t\t<\/div>\t\n\t\t\t\t\t\t \n\t\t\t\t\t\t\t\t\t<div class=\"cd-timeline__content text-component pafe-vertical-timeline-content\" data-pafe-vertical-timeline-content>\n\t\t\t\t\t\t<div class=\"pafe-vertical-timeline-content__title\">Director<\/div>\n\t\t\t\t\t\t<div class=\"color-contrast-medium pafe-vertical-timeline-content__content\"><p>Miguel Morales Moraga<\/p><\/div>\n\t\t\t\n\t\t\t\t\t\t<div class=\"flex justify-between items-center pafe-vertical-timeline__dates\">\n\t\t\t\t\t        \n\t\t\t\t\t        \t\n\t\t\t\t\t    <\/div> \t\t\t\t\t\t\t\n\t\t\t\t\t<\/div> \n\t\t\t\t\t\t\t\t\n\t\t\t<\/div>\t  \n\t\t\t\t\t<div class=\"cd-timeline__block pafe-vertical-timeline__block\">\n\t\t\t\t\t\t\t\t\t\t\n\t\t\t\t\t\t<div class=\"cd-timeline__img cd-timeline__img--picture pafe-vertical-timeline__icon\">\t\t\n\t\t\t\t\t\t\t<i class=\"fa fa-envelope-open\" aria-hidden=\"true\"><\/i>\t\n\t\t\t\t\t\t<\/div>\t\n\t\t\t\t\t\t \n\t\t\t\t\t\t\t\t\t<div class=\"cd-timeline__content text-component pafe-vertical-timeline-content\" data-pafe-vertical-timeline-content>\n\t\t\t\t\t\t<div class=\"pafe-vertical-timeline-content__title\">Correo<\/div>\n\t\t\t\t\t\t<div class=\"color-contrast-medium pafe-vertical-timeline-content__content\"><p>dao@curico.cl<\/p><\/div>\n\t\t\t\n\t\t\t\t\t\t<div class=\"flex justify-between items-center pafe-vertical-timeline__dates\">\n\t\t\t\t\t        \n\t\t\t\t\t        \t\n\t\t\t\t\t    <\/div> \t\t\t\t\t\t\t\n\t\t\t\t\t<\/div> \n\t\t\t\t\t\t\t\t\n\t\t\t<\/div>\t  \n\t\t\t\t\t<div class=\"cd-timeline__block pafe-vertical-timeline__block\">\n\t\t\t\t\t\t\t\t\t\t\n\t\t\t\t\t\t<div class=\"cd-timeline__img cd-timeline__img--picture pafe-vertical-timeline__icon\">\t\t\n\t\t\t\t\t\t\t<i class=\"fa fa-map-marker\" aria-hidden=\"true\"><\/i>\t\n\t\t\t\t\t\t<\/div>\t\n\t\t\t\t\t\t \n\t\t\t\t\t\t\t\t\t<div class=\"cd-timeline__content text-component pafe-vertical-timeline-content\" data-pafe-vertical-timeline-content>\n\t\t\t\t\t\t<div class=\"pafe-vertical-timeline-content__title\">Direcci\u00f3n<\/div>\n\t\t\t\t\t\t<div class=\"color-contrast-medium pafe-vertical-timeline-content__content\"><p><span class=\"ILfuVd\" lang=\"es\"><span class=\"hgKElc\">Edificio Consistorial, Estado 279, 2 piso<\/span><\/span><\/p><\/div>\n\t\t\t\n\t\t\t\t\t\t<div class=\"flex justify-between items-center pafe-vertical-timeline__dates\">\n\t\t\t\t\t        \n\t\t\t\t\t        \t\n\t\t\t\t\t    <\/div> \t\t\t\t\t\t\t\n\t\t\t\t\t<\/div> \n\t\t\t\t\t\t\t\t\n\t\t\t<\/div>\t  \n\t\t\t\n\t\t<\/div>\n\t\t\t\t\t\t<\/div>\n\t\t\t\t<\/div>\n\t\t\t\t<\/div>\n\t\t\t\t<\/div>\n\t\t\t\t\t<\/div>\n\t\t\t\t<\/div>\n\t\t\t\t<\/div>\n\t\t","protected":false},"excerpt":{"rendered":"<p>Direcci\u00f3n de Aseo y Ornato, Transporte y Movilizaci\u00f3n, es la Unidad de l\u00ednea asesora y operativa, de dependencia del Alcalde, encargada del Aseo y Ornato de los bienes nacionales de uso p\u00fablico existente en la Comuna, del servicio de recolecci\u00f3n de residuos domiciliarios y disposici\u00f3n final en relleno sanitario.\u00a0 De la construcci\u00f3n, conservaci\u00f3n y administraci\u00f3n [&hellip;]<\/p>\n","protected":false},"author":1,"featured_media":0,"parent":0,"menu_order":0,"comment_status":"closed","ping_status":"closed","template":"","meta":{"footnotes":""},"class_list":["post-622","page","type-page","status-publish","hentry"],"rttpg_featured_image_url":null,"rttpg_author":{"display_name":"municco","author_link":"https:\/\/www.curico.cl\/home\/author\/municco\/"},"rttpg_comment":0,"rttpg_category":null,"rttpg_excerpt":"Direcci\u00f3n de Aseo y Ornato, Transporte y Movilizaci\u00f3n, es la Unidad de l\u00ednea asesora y operativa, de dependencia del Alcalde, encargada del Aseo y Ornato de los bienes nacionales de uso p\u00fablico existente en la Comuna, del servicio de recolecci\u00f3n de residuos domiciliarios y disposici\u00f3n final en relleno sanitario.\u00a0 De la construcci\u00f3n, conservaci\u00f3n y administraci\u00f3n&hellip;","_links":{"self":[{"href":"https:\/\/www.curico.cl\/home\/wp-json\/wp\/v2\/pages\/622","targetHints":{"allow":["GET"]}}],"collection":[{"href":"https:\/\/www.curico.cl\/home\/wp-json\/wp\/v2\/pages"}],"about":[{"href":"https:\/\/www.curico.cl\/home\/wp-json\/wp\/v2\/types\/page"}],"author":[{"embeddable":true,"href":"https:\/\/www.curico.cl\/home\/wp-json\/wp\/v2\/users\/1"}],"replies":[{"embeddable":true,"href":"https:\/\/www.curico.cl\/home\/wp-json\/wp\/v2\/comments?post=622"}],"version-history":[{"count":3,"href":"https:\/\/www.curico.cl\/home\/wp-json\/wp\/v2\/pages\/622\/revisions"}],"predecessor-version":[{"id":4509,"href":"https:\/\/www.curico.cl\/home\/wp-json\/wp\/v2\/pages\/622\/revisions\/4509"}],"wp:attachment":[{"href":"https:\/\/www.curico.cl\/home\/wp-json\/wp\/v2\/media?parent=622"}],"curies":[{"name":"wp","href":"https:\/\/api.w.org\/{rel}","templated":true}]}}