{"id":620,"date":"2024-12-30T20:56:03","date_gmt":"2024-12-30T20:56:03","guid":{"rendered":"https:\/\/www.curico.cl\/home\/?page_id=620"},"modified":"2025-08-07T17:04:34","modified_gmt":"2025-08-07T17:04:34","slug":"direccion-de-control-interno","status":"publish","type":"page","link":"https:\/\/www.curico.cl\/home\/direccion-de-control-interno\/","title":{"rendered":"Direcci\u00f3n de Control Interno"},"content":{"rendered":"\t\t<div data-elementor-type=\"wp-page\" data-elementor-id=\"620\" class=\"elementor elementor-620\" data-elementor-post-type=\"page\">\n\t\t\t\t<div class=\"elementor-element elementor-element-fb2b307 e-flex e-con-boxed e-con e-parent\" data-id=\"fb2b307\" data-element_type=\"container\" data-e-type=\"container\">\n\t\t\t\t\t<div class=\"e-con-inner\">\n\t\t<div class=\"elementor-element elementor-element-eace572 e-con-full e-flex e-con e-child\" data-id=\"eace572\" data-element_type=\"container\" data-e-type=\"container\">\n\t\t\t\t<div class=\"elementor-element elementor-element-c57dec8 elementor-widget elementor-widget-text-editor\" data-id=\"c57dec8\" data-element_type=\"widget\" data-e-type=\"widget\" data-widget_type=\"text-editor.default\">\n\t\t\t\t<div class=\"elementor-widget-container\">\n\t\t\t\t\t\t\t\t\t<p style=\"text-align: justify;\"><strong>Direcci\u00f3n de Control Interno<\/strong>, es una unidad asesora que depende directamente del Alcalde. Adem\u00e1s est\u00e1 sujeta a la Dependencia t\u00e9cnica de la Contralor\u00eda General de Rep\u00fablica.<\/p><p style=\"text-align: justify;\">La unidad de Control tiene por objeto controlar y mejorar la gesti\u00f3n municipal a trav\u00e9s del examen cr\u00edtico, met\u00f3dico y sistem\u00e1tico de toda o parte de la organizaci\u00f3n, verificando el cumplimiento de sus objetivos, pol\u00edticas y metas de acuerdo a la normativa vigente.<\/p><p style=\"text-align: justify;\">La Direcci\u00f3n de Control Interno deber\u00e1 cumplir las siguientes funciones:<\/p><ol style=\"text-align: justify;\"><li>Velar porque se efectu\u00e9 la Auditor\u00eda Operativa en el Municipio.<\/li><li>Controlar que se efectu\u00e9 la Ejecuci\u00f3n Financiera y Presupuestaria de los fondos municipales y servicios traspasados.<\/li><li>Representar al Alcalde los actos municipales cuando lo estime ilegales informando al Concejo Municipal, para cuyo objeto tendr\u00e1 acceso a toda la documentaci\u00f3n pertinente.<\/li><li>Supervisar que se efectu\u00e9 el control presupuestario y financiero de los ingresos y gastos institucionales y sea informado trimestralmente.<\/li><li>Encomendar trabajos espec\u00edficos de fiscalizaci\u00f3n a requerimiento de la autoridad o cuando lo estime necesario.<\/li><li>Otorgar visto bueno cuando corresponda a los informes emitidos por la Secci\u00f3n de Auditor\u00edas Operativas y Procesos y\/o la Secci\u00f3n de Control Presupuestario y Financiero.<\/li><li>Revisar y visar decretos de pagos, verificando que los documentos que se someten a revisi\u00f3n, se ajusten a las normativas que los regulan y cumplan con los debidos respaldos.<\/li><li>Supervisar el trabajo del personal a su cargo evaluando anualmente su desempe\u00f1o.<\/li><li>Dar cumplimiento a las disposiciones establecidas en la Ley 19.803, art\u00edculo N\u00ba 8 y su reglamento, presentando el respectivo informe al Honorable Concejo Municipal, previa verificaci\u00f3n del cumplimiento del programa de mejoramiento de gesti\u00f3n.<\/li><li>Revisar, dar V\u00ba B\u00ba y suscribir los informes que presenten las unidades dependientes de esta Direcci\u00f3n.<\/li><li>Revisar y autorizar el programa anual de trabajos de auditor\u00edas que debe remitirse al alcalde para su aprobaci\u00f3n, dentro del mes de enero de cada a\u00f1o.<\/li><li>Verificar que se realicen los seguimientos y coordinaci\u00f3n de las respuestas a los informes emitidos por la Contralor\u00eda.<\/li><li>Velar por el cumplimiento de la Ley de Transparencia en conformidad a la Ley N\u00ba20.285.<\/li><li>Verificar que la revisi\u00f3n de rendiciones de subvenciones, fondos fijos, gastos menores, giros globales, etc., se ajusten a derecho y cumplan las normas, que rigen este tipo de procedimientos.<\/li><\/ol><p style=\"text-align: justify;\">\u00a0<\/p><p style=\"text-align: justify;\"><strong>As\u00ed, de la Direcci\u00f3n de Control Interno<\/strong>, depender\u00e1n directamente las siguientes dependencias:<\/p><ol><li style=\"text-align: justify;\">Secci\u00f3n Auditorias Operativas y de Procesos<\/li><li>Secci\u00f3n Control Presupuestario y Financiero<ul><li style=\"text-align: justify;\">Oficina de Legalidad Administrativa y del Gasto<\/li><li style=\"text-align: justify;\">Oficina de Fiscalizaci\u00f3n en Terreno<\/li><\/ul><\/li><\/ol>\t\t\t\t\t\t\t\t<\/div>\n\t\t\t\t<\/div>\n\t\t\t\t<\/div>\n\t\t<div class=\"elementor-element elementor-element-575843d e-con-full e-flex e-con e-child\" data-id=\"575843d\" data-element_type=\"container\" data-e-type=\"container\">\n\t\t<div class=\"elementor-element elementor-element-d87545e e-con-full e-flex e-con e-child\" data-id=\"d87545e\" data-element_type=\"container\" data-e-type=\"container\">\n\t\t\t\t<div class=\"elementor-element elementor-element-b19cd61 elementor-widget elementor-widget-pafe-vertical-timeline\" data-id=\"b19cd61\" data-element_type=\"widget\" data-e-type=\"widget\" data-widget_type=\"pafe-vertical-timeline.default\">\n\t\t\t\t<div class=\"elementor-widget-container\">\n\t\t\t\t\t\t\t<div class=\"cd-timeline js-cd-timeline pafe-vertical-timeline\" data-pafe-vertical-timeline>\n\t\t\t<div class=\"cd-timeline__container\">\n\t\t\t\t\t<div class=\"cd-timeline__block pafe-vertical-timeline__block\">\n\t\t\t\t\t\t\t\t\t\t\n\t\t\t\t\t\t<div class=\"cd-timeline__img cd-timeline__img--picture pafe-vertical-timeline__icon\">\t\t\n\t\t\t\t\t\t\t<i class=\"fa fa-user\" aria-hidden=\"true\"><\/i>\t\n\t\t\t\t\t\t<\/div>\t\n\t\t\t\t\t\t \n\t\t\t\t\t\t\t\t\t<div class=\"cd-timeline__content text-component pafe-vertical-timeline-content\" data-pafe-vertical-timeline-content>\n\t\t\t\t\t\t<div class=\"pafe-vertical-timeline-content__title\">Director<\/div>\n\t\t\t\t\t\t<div class=\"color-contrast-medium pafe-vertical-timeline-content__content\"><p>Pedro Figueroa Castro<\/p><\/div>\n\t\t\t\n\t\t\t\t\t\t<div class=\"flex justify-between items-center pafe-vertical-timeline__dates\">\n\t\t\t\t\t        \n\t\t\t\t\t        \t\n\t\t\t\t\t    <\/div> \t\t\t\t\t\t\t\n\t\t\t\t\t<\/div> \n\t\t\t\t\t\t\t\t\n\t\t\t<\/div>\t  \n\t\t\t\t\t<div class=\"cd-timeline__block pafe-vertical-timeline__block\">\n\t\t\t\t\t\t\t\t\t\t\n\t\t\t\t\t\t<div class=\"cd-timeline__img cd-timeline__img--picture pafe-vertical-timeline__icon\">\t\t\n\t\t\t\t\t\t\t<i class=\"fa fa-envelope-open\" aria-hidden=\"true\"><\/i>\t\n\t\t\t\t\t\t<\/div>\t\n\t\t\t\t\t\t \n\t\t\t\t\t\t\t\t\t<div class=\"cd-timeline__content text-component pafe-vertical-timeline-content\" data-pafe-vertical-timeline-content>\n\t\t\t\t\t\t<div class=\"pafe-vertical-timeline-content__title\">Correo<\/div>\n\t\t\t\t\t\t<div class=\"color-contrast-medium pafe-vertical-timeline-content__content\"><p>controlinterno@curico.cl<\/p><\/div>\n\t\t\t\n\t\t\t\t\t\t<div class=\"flex justify-between items-center pafe-vertical-timeline__dates\">\n\t\t\t\t\t        \n\t\t\t\t\t        \t\n\t\t\t\t\t    <\/div> \t\t\t\t\t\t\t\n\t\t\t\t\t<\/div> \n\t\t\t\t\t\t\t\t\n\t\t\t<\/div>\t  \n\t\t\t\t\t<div class=\"cd-timeline__block pafe-vertical-timeline__block\">\n\t\t\t\t\t\t\t\t\t\t\n\t\t\t\t\t\t<div class=\"cd-timeline__img cd-timeline__img--picture pafe-vertical-timeline__icon\">\t\t\n\t\t\t\t\t\t\t<i class=\"fa fa-map-marker\" aria-hidden=\"true\"><\/i>\t\n\t\t\t\t\t\t<\/div>\t\n\t\t\t\t\t\t \n\t\t\t\t\t\t\t\t\t<div class=\"cd-timeline__content text-component pafe-vertical-timeline-content\" data-pafe-vertical-timeline-content>\n\t\t\t\t\t\t<div class=\"pafe-vertical-timeline-content__title\">Direcci\u00f3n<\/div>\n\t\t\t\t\t\t<div class=\"color-contrast-medium pafe-vertical-timeline-content__content\"><p><span class=\"ILfuVd\" lang=\"es\"><span class=\"hgKElc\">Edificio Consistorial Estado 279, Piso -1<\/span><\/span><\/p><\/div>\n\t\t\t\n\t\t\t\t\t\t<div class=\"flex justify-between items-center pafe-vertical-timeline__dates\">\n\t\t\t\t\t        \n\t\t\t\t\t        \t\n\t\t\t\t\t    <\/div> \t\t\t\t\t\t\t\n\t\t\t\t\t<\/div> \n\t\t\t\t\t\t\t\t\n\t\t\t<\/div>\t  \n\t\t\t\n\t\t<\/div>\n\t\t\t\t\t\t<\/div>\n\t\t\t\t<\/div>\n\t\t\t\t<\/div>\n\t\t\t\t<\/div>\n\t\t\t\t\t<\/div>\n\t\t\t\t<\/div>\n\t\t\t\t<\/div>\n\t\t","protected":false},"excerpt":{"rendered":"<p>Direcci\u00f3n de Control Interno, es una unidad asesora que depende directamente del Alcalde. Adem\u00e1s est\u00e1 sujeta a la Dependencia t\u00e9cnica de la Contralor\u00eda General de Rep\u00fablica. La unidad de Control tiene por objeto controlar y mejorar la gesti\u00f3n municipal a trav\u00e9s del examen cr\u00edtico, met\u00f3dico y sistem\u00e1tico de toda o parte de la organizaci\u00f3n, verificando [&hellip;]<\/p>\n","protected":false},"author":1,"featured_media":0,"parent":0,"menu_order":0,"comment_status":"closed","ping_status":"closed","template":"","meta":{"footnotes":""},"class_list":["post-620","page","type-page","status-publish","hentry"],"rttpg_featured_image_url":null,"rttpg_author":{"display_name":"municco","author_link":"https:\/\/www.curico.cl\/home\/author\/municco\/"},"rttpg_comment":0,"rttpg_category":null,"rttpg_excerpt":"Direcci\u00f3n de Control Interno, es una unidad asesora que depende directamente del Alcalde. Adem\u00e1s est\u00e1 sujeta a la Dependencia t\u00e9cnica de la Contralor\u00eda General de Rep\u00fablica. La unidad de Control tiene por objeto controlar y mejorar la gesti\u00f3n municipal a trav\u00e9s del examen cr\u00edtico, met\u00f3dico y sistem\u00e1tico de toda o parte de la organizaci\u00f3n, verificando&hellip;","_links":{"self":[{"href":"https:\/\/www.curico.cl\/home\/wp-json\/wp\/v2\/pages\/620","targetHints":{"allow":["GET"]}}],"collection":[{"href":"https:\/\/www.curico.cl\/home\/wp-json\/wp\/v2\/pages"}],"about":[{"href":"https:\/\/www.curico.cl\/home\/wp-json\/wp\/v2\/types\/page"}],"author":[{"embeddable":true,"href":"https:\/\/www.curico.cl\/home\/wp-json\/wp\/v2\/users\/1"}],"replies":[{"embeddable":true,"href":"https:\/\/www.curico.cl\/home\/wp-json\/wp\/v2\/comments?post=620"}],"version-history":[{"count":3,"href":"https:\/\/www.curico.cl\/home\/wp-json\/wp\/v2\/pages\/620\/revisions"}],"predecessor-version":[{"id":4518,"href":"https:\/\/www.curico.cl\/home\/wp-json\/wp\/v2\/pages\/620\/revisions\/4518"}],"wp:attachment":[{"href":"https:\/\/www.curico.cl\/home\/wp-json\/wp\/v2\/media?parent=620"}],"curies":[{"name":"wp","href":"https:\/\/api.w.org\/{rel}","templated":true}]}}