{"id":614,"date":"2024-12-30T20:54:46","date_gmt":"2024-12-30T20:54:46","guid":{"rendered":"https:\/\/www.curico.cl\/home\/?page_id=614"},"modified":"2025-08-07T17:06:31","modified_gmt":"2025-08-07T17:06:31","slug":"direccion-de-seguridad-publica","status":"publish","type":"page","link":"https:\/\/www.curico.cl\/home\/direccion-de-seguridad-publica\/","title":{"rendered":"Direcci\u00f3n de Seguridad P\u00fablica"},"content":{"rendered":"\t\t<div data-elementor-type=\"wp-page\" data-elementor-id=\"614\" class=\"elementor elementor-614\" data-elementor-post-type=\"page\">\n\t\t\t\t<div class=\"elementor-element elementor-element-7f208a6 e-flex e-con-boxed e-con e-parent\" data-id=\"7f208a6\" data-element_type=\"container\" data-e-type=\"container\">\n\t\t\t\t\t<div class=\"e-con-inner\">\n\t\t<div class=\"elementor-element elementor-element-ea9cea0 e-con-full e-flex e-con e-child\" data-id=\"ea9cea0\" data-element_type=\"container\" data-e-type=\"container\">\n\t\t\t\t<div class=\"elementor-element elementor-element-b23a2f1 elementor-widget elementor-widget-text-editor\" data-id=\"b23a2f1\" data-element_type=\"widget\" data-e-type=\"widget\" data-widget_type=\"text-editor.default\">\n\t\t\t\t<div class=\"elementor-widget-container\">\n\t\t\t\t\t\t\t\t\t<h6 style=\"text-align: justify;\">La Direcci\u00f3n de Seguridad P\u00fablica es una unidad t\u00e9cnica asesora del Alcalde, cuya finalidad es abordar temas relacionadas con la prevenci\u00f3n de la violencia y del delito de la Comuna.<\/h6><h6 style=\"text-align: justify;\">La Direcci\u00f3n de Seguridad P\u00fablica tiene las siguientes funciones:<\/h6><ol style=\"text-align: justify;\"><li><h6>Ser el colaborador directo del Alcalde en las tareas de coordinaci\u00f3n y gesti\u00f3n de las funciones municipales de desarrollo, implementaci\u00f3n, evaluaci\u00f3n, promoci\u00f3n, capacitaci\u00f3n y apoyo de acciones de prevenci\u00f3n social y situacional, la celebraci\u00f3n de convenios con otras entidades p\u00fablicas para la implementaci\u00f3n de estrategias enfocadas a la adopci\u00f3n de medidas en el \u00e1mbito de la seguridad p\u00fablica a nivel comunal.<\/h6><\/li><li><h6>Asesorar al Alcalde en materias de seguridad, proponi\u00e9ndole nuevos programas y estrategias al referido plan, para aumentar y mejorar la percepci\u00f3n de seguridad de los habitantes de la comuna.<\/h6><\/li><li><h6>Ser el colaborador directo del Alcalde en la elaboraci\u00f3n, aprobaci\u00f3n, ejecuci\u00f3n y evaluaci\u00f3n del plan comunal de seguridad p\u00fablica.<\/h6><\/li><\/ol><h6 style=\"text-align: justify;\"><strong>As\u00ed, de la Direcci\u00f3n de Seguridad P\u00fablica<\/strong>, depender\u00e1n directamente las siguientes dependencias:<\/h6><ol style=\"text-align: justify;\"><li><h6>Oficina de Proyectos de Seguridad P\u00fablica<\/h6><\/li><li><h6>Oficina de Seguridad Vecinal<\/h6><\/li><li><h6>Oficina de Central Operativa<\/h6><\/li><\/ol><h6 style=\"text-align: justify;\">\u00a0<\/h6>\t\t\t\t\t\t\t\t<\/div>\n\t\t\t\t<\/div>\n\t\t\t\t<\/div>\n\t\t<div class=\"elementor-element elementor-element-c63d1d7 e-con-full e-flex e-con e-child\" data-id=\"c63d1d7\" data-element_type=\"container\" data-e-type=\"container\">\n\t\t<div class=\"elementor-element elementor-element-9af8a8a e-con-full e-flex e-con e-child\" data-id=\"9af8a8a\" data-element_type=\"container\" data-e-type=\"container\">\n\t\t\t\t<div class=\"elementor-element elementor-element-90cfbb6 elementor-widget elementor-widget-pafe-vertical-timeline\" data-id=\"90cfbb6\" data-element_type=\"widget\" data-e-type=\"widget\" data-widget_type=\"pafe-vertical-timeline.default\">\n\t\t\t\t<div class=\"elementor-widget-container\">\n\t\t\t\t\t\t\t<div class=\"cd-timeline js-cd-timeline pafe-vertical-timeline\" data-pafe-vertical-timeline>\n\t\t\t<div class=\"cd-timeline__container\">\n\t\t\t\t\t<div class=\"cd-timeline__block pafe-vertical-timeline__block\">\n\t\t\t\t\t\t\t\t\t\t\n\t\t\t\t\t\t<div class=\"cd-timeline__img cd-timeline__img--picture pafe-vertical-timeline__icon\">\t\t\n\t\t\t\t\t\t\t<i class=\"fa fa-user\" aria-hidden=\"true\"><\/i>\t\n\t\t\t\t\t\t<\/div>\t\n\t\t\t\t\t\t \n\t\t\t\t\t\t\t\t\t<div class=\"cd-timeline__content text-component pafe-vertical-timeline-content\" data-pafe-vertical-timeline-content>\n\t\t\t\t\t\t<div class=\"pafe-vertical-timeline-content__title\">Director<\/div>\n\t\t\t\t\t\t<div class=\"color-contrast-medium pafe-vertical-timeline-content__content\"><p>H\u00e9ctor Vald\u00e9s<\/p><\/div>\n\t\t\t\n\t\t\t\t\t\t<div class=\"flex justify-between items-center pafe-vertical-timeline__dates\">\n\t\t\t\t\t        \n\t\t\t\t\t        \t\n\t\t\t\t\t    <\/div> \t\t\t\t\t\t\t\n\t\t\t\t\t<\/div> \n\t\t\t\t\t\t\t\t\n\t\t\t<\/div>\t  \n\t\t\t\t\t<div class=\"cd-timeline__block pafe-vertical-timeline__block\">\n\t\t\t\t\t\t\t\t\t\t\n\t\t\t\t\t\t<div class=\"cd-timeline__img cd-timeline__img--picture pafe-vertical-timeline__icon\">\t\t\n\t\t\t\t\t\t\t<i class=\"fa fa-envelope-open\" aria-hidden=\"true\"><\/i>\t\n\t\t\t\t\t\t<\/div>\t\n\t\t\t\t\t\t \n\t\t\t\t\t\t\t\t\t<div class=\"cd-timeline__content text-component pafe-vertical-timeline-content\" data-pafe-vertical-timeline-content>\n\t\t\t\t\t\t<div class=\"pafe-vertical-timeline-content__title\">Correo<\/div>\n\t\t\t\t\t\t<div class=\"color-contrast-medium pafe-vertical-timeline-content__content\"><p>seguridadpublica@curico.cl<\/p><\/div>\n\t\t\t\n\t\t\t\t\t\t<div class=\"flex justify-between items-center pafe-vertical-timeline__dates\">\n\t\t\t\t\t        \n\t\t\t\t\t        \t\n\t\t\t\t\t    <\/div> \t\t\t\t\t\t\t\n\t\t\t\t\t<\/div> \n\t\t\t\t\t\t\t\t\n\t\t\t<\/div>\t  \n\t\t\t\t\t<div class=\"cd-timeline__block pafe-vertical-timeline__block\">\n\t\t\t\t\t\t\t\t\t\t\n\t\t\t\t\t\t<div class=\"cd-timeline__img cd-timeline__img--picture pafe-vertical-timeline__icon\">\t\t\n\t\t\t\t\t\t\t<i class=\"fa fa-map-marker\" aria-hidden=\"true\"><\/i>\t\n\t\t\t\t\t\t<\/div>\t\n\t\t\t\t\t\t \n\t\t\t\t\t\t\t\t\t<div class=\"cd-timeline__content text-component pafe-vertical-timeline-content\" data-pafe-vertical-timeline-content>\n\t\t\t\t\t\t<div class=\"pafe-vertical-timeline-content__title\">Direcci\u00f3n<\/div>\n\t\t\t\t\t\t<div class=\"color-contrast-medium pafe-vertical-timeline-content__content\"><p><span class=\"ILfuVd\" lang=\"es\"><span class=\"hgKElc\">calle San Francisco # 61<\/span><\/span><\/p><\/div>\n\t\t\t\n\t\t\t\t\t\t<div class=\"flex justify-between items-center pafe-vertical-timeline__dates\">\n\t\t\t\t\t        \n\t\t\t\t\t        \t\n\t\t\t\t\t    <\/div> \t\t\t\t\t\t\t\n\t\t\t\t\t<\/div> \n\t\t\t\t\t\t\t\t\n\t\t\t<\/div>\t  \n\t\t\t\n\t\t<\/div>\n\t\t\t\t\t\t<\/div>\n\t\t\t\t<\/div>\n\t\t\t\t<\/div>\n\t\t\t\t<\/div>\n\t\t\t\t\t<\/div>\n\t\t\t\t<\/div>\n\t\t\t\t<\/div>\n\t\t","protected":false},"excerpt":{"rendered":"<p>La Direcci\u00f3n de Seguridad P\u00fablica es una unidad t\u00e9cnica asesora del Alcalde, cuya finalidad es abordar temas relacionadas con la prevenci\u00f3n de la violencia y del delito de la Comuna. La Direcci\u00f3n de Seguridad P\u00fablica tiene las siguientes funciones: Ser el colaborador directo del Alcalde en las tareas de coordinaci\u00f3n y gesti\u00f3n de las funciones [&hellip;]<\/p>\n","protected":false},"author":1,"featured_media":0,"parent":0,"menu_order":0,"comment_status":"closed","ping_status":"closed","template":"","meta":{"footnotes":""},"class_list":["post-614","page","type-page","status-publish","hentry"],"rttpg_featured_image_url":null,"rttpg_author":{"display_name":"municco","author_link":"https:\/\/www.curico.cl\/home\/author\/municco\/"},"rttpg_comment":0,"rttpg_category":null,"rttpg_excerpt":"La Direcci\u00f3n de Seguridad P\u00fablica es una unidad t\u00e9cnica asesora del Alcalde, cuya finalidad es abordar temas relacionadas con la prevenci\u00f3n de la violencia y del delito de la Comuna. La Direcci\u00f3n de Seguridad P\u00fablica tiene las siguientes funciones: Ser el colaborador directo del Alcalde en las tareas de coordinaci\u00f3n y gesti\u00f3n de las funciones&hellip;","_links":{"self":[{"href":"https:\/\/www.curico.cl\/home\/wp-json\/wp\/v2\/pages\/614","targetHints":{"allow":["GET"]}}],"collection":[{"href":"https:\/\/www.curico.cl\/home\/wp-json\/wp\/v2\/pages"}],"about":[{"href":"https:\/\/www.curico.cl\/home\/wp-json\/wp\/v2\/types\/page"}],"author":[{"embeddable":true,"href":"https:\/\/www.curico.cl\/home\/wp-json\/wp\/v2\/users\/1"}],"replies":[{"embeddable":true,"href":"https:\/\/www.curico.cl\/home\/wp-json\/wp\/v2\/comments?post=614"}],"version-history":[{"count":9,"href":"https:\/\/www.curico.cl\/home\/wp-json\/wp\/v2\/pages\/614\/revisions"}],"predecessor-version":[{"id":4536,"href":"https:\/\/www.curico.cl\/home\/wp-json\/wp\/v2\/pages\/614\/revisions\/4536"}],"wp:attachment":[{"href":"https:\/\/www.curico.cl\/home\/wp-json\/wp\/v2\/media?parent=614"}],"curies":[{"name":"wp","href":"https:\/\/api.w.org\/{rel}","templated":true}]}}