{"id":2529,"date":"2025-01-27T13:07:33","date_gmt":"2025-01-27T13:07:33","guid":{"rendered":"https:\/\/www.curico.cl\/home\/?page_id=2529"},"modified":"2025-01-27T16:10:06","modified_gmt":"2025-01-27T16:10:06","slug":"noticias","status":"publish","type":"page","link":"https:\/\/www.curico.cl\/home\/noticias\/","title":{"rendered":"Noticias"},"content":{"rendered":"\t\t<div data-elementor-type=\"wp-page\" data-elementor-id=\"2529\" class=\"elementor elementor-2529\" data-elementor-post-type=\"page\">\n\t\t\t\t<div class=\"elementor-element elementor-element-1d420d8 e-con-full e-flex e-con e-parent\" data-id=\"1d420d8\" data-element_type=\"container\" data-e-type=\"container\">\n\t\t\t\t<div class=\"elementor-element elementor-element-0a84daf elementor-grid-eael-col-4 elementor-grid-tablet-eael-col-2 elementor-grid-mobile-eael-col-1 elementor-widget elementor-widget-eael-post-grid\" data-id=\"0a84daf\" data-element_type=\"widget\" data-e-type=\"widget\" data-settings=\"{&quot;eael_post_grid_columns&quot;:&quot;eael-col-4&quot;,&quot;eael_post_grid_columns_tablet&quot;:&quot;eael-col-2&quot;,&quot;eael_post_grid_columns_mobile&quot;:&quot;eael-col-1&quot;}\" data-widget_type=\"eael-post-grid.default\">\n\t\t\t\t<div class=\"elementor-widget-container\">\n\t\t\t\t\t<div id=\"eael-post-grid-0a84daf\" class=\"eael-post-grid-container\">\n            <div class=\"eael-post-grid eael-post-appender eael-post-appender-0a84daf eael-post-grid-style-two\" data-layout-mode=\"masonry\"><article class=\"eael-grid-post  eael-post-grid-column eael-pg-post-5891 category-destacados-salud\" data-id=\"5891\">\n    <div class=\"eael-grid-post-holder\">\n        <div class=\"eael-grid-post-holder-inner\"><div class=\"eael-entry-media\"><div class=\"eael-entry-overlay fade-in\"><i class=\"fas fa-long-arrow-alt-right\" aria-hidden=\"true\"><\/i><a href=\"https:\/\/www.curico.cl\/home\/cesfam-los-niches-obtiene-acreditacion-y-se-convierte-en-el-primer-centro-rural-certificado-en-calidad\/\"><\/a><\/div><div class=\"eael-entry-thumbnail eael-image-ratio\">\n                            <img fetchpriority=\"high\" decoding=\"async\" width=\"768\" height=\"576\" src=\"https:\/\/www.curico.cl\/home\/wp-content\/uploads\/2026\/04\/WhatsApp-Image-2026-04-22-at-6.22.19-PM-1-768x576.jpeg\" class=\"attachment-medium_large size-medium_large wp-image-5893\" alt=\"\" srcset=\"https:\/\/www.curico.cl\/home\/wp-content\/uploads\/2026\/04\/WhatsApp-Image-2026-04-22-at-6.22.19-PM-1-768x576.jpeg 768w, https:\/\/www.curico.cl\/home\/wp-content\/uploads\/2026\/04\/WhatsApp-Image-2026-04-22-at-6.22.19-PM-1-400x300.jpeg 400w, https:\/\/www.curico.cl\/home\/wp-content\/uploads\/2026\/04\/WhatsApp-Image-2026-04-22-at-6.22.19-PM-1-1024x768.jpeg 1024w, https:\/\/www.curico.cl\/home\/wp-content\/uploads\/2026\/04\/WhatsApp-Image-2026-04-22-at-6.22.19-PM-1-1536x1152.jpeg 1536w, https:\/\/www.curico.cl\/home\/wp-content\/uploads\/2026\/04\/WhatsApp-Image-2026-04-22-at-6.22.19-PM-1.jpeg 1600w\" sizes=\"(max-width: 768px) 100vw, 768px\" \/>\n                            <\/div>\n                    <\/div><div class=\"eael-entry-wrapper\"><header class=\"eael-entry-header\"><h5 class=\"eael-entry-title\"><a class=\"eael-grid-post-link\" href=\"https:\/\/www.curico.cl\/home\/cesfam-los-niches-obtiene-acreditacion-y-se-convierte-en-el-primer-centro-rural-certificado-en-calidad\/\" title=\"CESFAM Los Niches obtiene acreditaci\u00f3n y se convierte en el primer centro rural certificado en calidad\">CESFAM Los Niches obtiene acreditaci\u00f3n y se convierte en el primer centro rural certificado en<\/a><\/h5><\/header><div class=\"eael-entry-content\">\n                                <div class=\"eael-grid-post-excerpt\"><a href=\"https:\/\/www.curico.cl\/home\/cesfam-los-niches-obtiene-acreditacion-y-se-convierte-en-el-primer-centro-rural-certificado-en-calidad\/\" class=\"eael-post-elements-readmore-btn\">Leer m\u00e1s<\/a><\/div>\n                            <\/div><div class=\"eael-entry-header-after style-two\"><div class=\"eael-entry-meta\"><span class=\"eael-meta-posted-on\"><i class=\"far fa-clock\"><\/i><time datetime=\"abril 23, 2026\">abril 23, 2026<\/time><\/span><\/div><\/div><\/div><\/div>\n    <\/div>\n<\/article><article class=\"eael-grid-post  eael-post-grid-column eael-pg-post-5869 category-concursos\" data-id=\"5869\">\n    <div class=\"eael-grid-post-holder\">\n        <div class=\"eael-grid-post-holder-inner\"><div class=\"eael-entry-wrapper\"><header class=\"eael-entry-header\"><h5 class=\"eael-entry-title\"><a class=\"eael-grid-post-link\" href=\"https:\/\/www.curico.cl\/home\/concursoprodesal\/\" title=\"LLAMADO A CONCURSO PRODESAL\">LLAMADO A CONCURSO PRODESAL<\/a><\/h5><\/header><div class=\"eael-entry-content\">\n                                <div class=\"eael-grid-post-excerpt\"><a href=\"https:\/\/www.curico.cl\/home\/concursoprodesal\/\" class=\"eael-post-elements-readmore-btn\">Leer m\u00e1s<\/a><\/div>\n                            <\/div><div class=\"eael-entry-header-after style-two\"><div class=\"eael-entry-meta\"><span class=\"eael-meta-posted-on\"><i class=\"far fa-clock\"><\/i><time datetime=\"abril 21, 2026\">abril 21, 2026<\/time><\/span><\/div><\/div><\/div><\/div>\n    <\/div>\n<\/article><article class=\"eael-grid-post  eael-post-grid-column eael-pg-post-5864 category-destacados-social\" data-id=\"5864\">\n    <div class=\"eael-grid-post-holder\">\n        <div class=\"eael-grid-post-holder-inner\"><div class=\"eael-entry-media\"><div class=\"eael-entry-overlay fade-in\"><i class=\"fas fa-long-arrow-alt-right\" aria-hidden=\"true\"><\/i><a href=\"https:\/\/www.curico.cl\/home\/empresario-vitivinicola-miguel-torres-recibio-las-llaves-de-la-ciudad-de-curico\/\"><\/a><\/div><div class=\"eael-entry-thumbnail eael-image-ratio\">\n                            <img decoding=\"async\" width=\"768\" height=\"576\" src=\"https:\/\/www.curico.cl\/home\/wp-content\/uploads\/2026\/04\/Foto-1-Llaves-de-la-Ciudad.-2-768x576.jpg\" class=\"attachment-medium_large size-medium_large wp-image-5865\" alt=\"\" srcset=\"https:\/\/www.curico.cl\/home\/wp-content\/uploads\/2026\/04\/Foto-1-Llaves-de-la-Ciudad.-2-768x576.jpg 768w, https:\/\/www.curico.cl\/home\/wp-content\/uploads\/2026\/04\/Foto-1-Llaves-de-la-Ciudad.-2-400x300.jpg 400w, https:\/\/www.curico.cl\/home\/wp-content\/uploads\/2026\/04\/Foto-1-Llaves-de-la-Ciudad.-2-1024x767.jpg 1024w, https:\/\/www.curico.cl\/home\/wp-content\/uploads\/2026\/04\/Foto-1-Llaves-de-la-Ciudad.-2-1536x1151.jpg 1536w, https:\/\/www.curico.cl\/home\/wp-content\/uploads\/2026\/04\/Foto-1-Llaves-de-la-Ciudad.-2.jpg 1600w\" sizes=\"(max-width: 768px) 100vw, 768px\" \/>\n                            <\/div>\n                    <\/div><div class=\"eael-entry-wrapper\"><header class=\"eael-entry-header\"><h5 class=\"eael-entry-title\"><a class=\"eael-grid-post-link\" href=\"https:\/\/www.curico.cl\/home\/empresario-vitivinicola-miguel-torres-recibio-las-llaves-de-la-ciudad-de-curico\/\" title=\"Empresario vitivin\u00edcola Miguel Torres recibi\u00f3 las Llaves de la ciudad de Curic\u00f3\">Empresario vitivin\u00edcola Miguel Torres recibi\u00f3 las Llaves de la ciudad de Curic\u00f3<\/a><\/h5><\/header><div class=\"eael-entry-content\">\n                                <div class=\"eael-grid-post-excerpt\"><a href=\"https:\/\/www.curico.cl\/home\/empresario-vitivinicola-miguel-torres-recibio-las-llaves-de-la-ciudad-de-curico\/\" class=\"eael-post-elements-readmore-btn\">Leer m\u00e1s<\/a><\/div>\n                            <\/div><div class=\"eael-entry-header-after style-two\"><div class=\"eael-entry-meta\"><span class=\"eael-meta-posted-on\"><i class=\"far fa-clock\"><\/i><time datetime=\"abril 17, 2026\">abril 17, 2026<\/time><\/span><\/div><\/div><\/div><\/div>\n    <\/div>\n<\/article><article class=\"eael-grid-post  eael-post-grid-column eael-pg-post-5858 category-destacados-municipal\" data-id=\"5858\">\n    <div class=\"eael-grid-post-holder\">\n        <div class=\"eael-grid-post-holder-inner\"><div class=\"eael-entry-media\"><div class=\"eael-entry-overlay fade-in\"><i class=\"fas fa-long-arrow-alt-right\" aria-hidden=\"true\"><\/i><a href=\"https:\/\/www.curico.cl\/home\/municipalidad-de-curico-presento-querellas-por-amenazas-en-colegios-de-la-red-educativa-municipal\/\"><\/a><\/div><div class=\"eael-entry-thumbnail eael-image-ratio\">\n                            <img decoding=\"async\" width=\"768\" height=\"369\" src=\"https:\/\/www.curico.cl\/home\/wp-content\/uploads\/2026\/04\/Municipalidad-de-curico-scaled-1-768x369.webp\" class=\"attachment-medium_large size-medium_large wp-image-5859\" alt=\"\" srcset=\"https:\/\/www.curico.cl\/home\/wp-content\/uploads\/2026\/04\/Municipalidad-de-curico-scaled-1-768x369.webp 768w, https:\/\/www.curico.cl\/home\/wp-content\/uploads\/2026\/04\/Municipalidad-de-curico-scaled-1-600x289.webp 600w, https:\/\/www.curico.cl\/home\/wp-content\/uploads\/2026\/04\/Municipalidad-de-curico-scaled-1-1024x492.webp 1024w, https:\/\/www.curico.cl\/home\/wp-content\/uploads\/2026\/04\/Municipalidad-de-curico-scaled-1-1536x739.webp 1536w, https:\/\/www.curico.cl\/home\/wp-content\/uploads\/2026\/04\/Municipalidad-de-curico-scaled-1-2048x985.webp 2048w\" sizes=\"(max-width: 768px) 100vw, 768px\" \/>\n                            <\/div>\n                    <\/div><div class=\"eael-entry-wrapper\"><header class=\"eael-entry-header\"><h5 class=\"eael-entry-title\"><a class=\"eael-grid-post-link\" href=\"https:\/\/www.curico.cl\/home\/municipalidad-de-curico-presento-querellas-por-amenazas-en-colegios-de-la-red-educativa-municipal\/\" title=\"Municipalidad de Curic\u00f3 present\u00f3 querellas por amenazas en colegios de la Red Educativa Municipal\">Municipalidad de Curic\u00f3 present\u00f3 querellas por amenazas en colegios de la Red Educativa Municipal<\/a><\/h5><\/header><div class=\"eael-entry-content\">\n                                <div class=\"eael-grid-post-excerpt\"><a href=\"https:\/\/www.curico.cl\/home\/municipalidad-de-curico-presento-querellas-por-amenazas-en-colegios-de-la-red-educativa-municipal\/\" class=\"eael-post-elements-readmore-btn\">Leer m\u00e1s<\/a><\/div>\n                            <\/div><div class=\"eael-entry-header-after style-two\"><div class=\"eael-entry-meta\"><span class=\"eael-meta-posted-on\"><i class=\"far fa-clock\"><\/i><time datetime=\"abril 15, 2026\">abril 15, 2026<\/time><\/span><\/div><\/div><\/div><\/div>\n    <\/div>\n<\/article><\/div>\n            <div class=\"clearfix\"><\/div>\n        <\/div>            <div class=\"eael-load-more-button-wrap\">\n                <button class=\"eael-load-more-button\" id=\"eael-load-more-btn-0a84daf\" data-widget-id=\"0a84daf\" data-widget=\"0a84daf\" data-page-id=\"2529\" data-template=\"{&quot;dir&quot;:&quot;lite&quot;,&quot;file_name&quot;:&quot;two.php&quot;,&quot;name&quot;:&quot;Post-Grid&quot;}\" data-class=\"Essential_Addons_Elementor\\Elements\\Post_Grid\" data-layout=\"masonry\" data-page=\"1\" data-args=\"orderby=date&amp;order=desc&amp;ignore_sticky_posts=1&amp;post_status=publish&amp;posts_per_page=4&amp;offset=0&amp;post_type=post\" data-max-page=\"86\">\n                    <span class=\"eael-btn-loader button__loader\"><\/span>\n                    <span class=\"eael_load_more_text\">Cargar m\u00e1s<\/span>\n                <\/button>\n            <\/div>\n            \t\t\t\t<\/div>\n\t\t\t\t<\/div>\n\t\t\t\t<\/div>\n\t\t\t\t<\/div>\n\t\t","protected":false},"excerpt":{"rendered":"<p>Sapu Central aument\u00f3 horas de atenci\u00f3n: el recinto de urgencias recibir\u00e1 pacientes de 08:00 a Leer m\u00e1s enero 27, 2025 Alimentaci\u00f3n en verano:\u00a0 cuidados y prevenci\u00f3n para evitar enfermedades estomacales Leer m\u00e1s enero 27, 2025 Curic\u00f3 lanz\u00f3 programa \u00abAct\u00edvate en Vacaciones\u00bb Leer m\u00e1s enero 27, 2025 Vence el plazo para el pago de patentes comerciales [&hellip;]<\/p>\n","protected":false},"author":1,"featured_media":0,"parent":0,"menu_order":0,"comment_status":"closed","ping_status":"closed","template":"","meta":{"footnotes":""},"class_list":["post-2529","page","type-page","status-publish","hentry"],"rttpg_featured_image_url":null,"rttpg_author":{"display_name":"municco","author_link":"https:\/\/www.curico.cl\/home\/author\/municco\/"},"rttpg_comment":0,"rttpg_category":"","rttpg_excerpt":"Sapu Central aument\u00f3 horas de atenci\u00f3n: el recinto de urgencias recibir\u00e1 pacientes de 08:00 a Leer m\u00e1s enero 27, 2025 Alimentaci\u00f3n en verano:\u00a0 cuidados y prevenci\u00f3n para evitar enfermedades estomacales Leer m\u00e1s enero 27, 2025 Curic\u00f3 lanz\u00f3 programa \u00abAct\u00edvate en Vacaciones\u00bb Leer m\u00e1s enero 27, 2025 Vence el plazo para el pago de patentes comerciales&hellip;","_links":{"self":[{"href":"https:\/\/www.curico.cl\/home\/wp-json\/wp\/v2\/pages\/2529","targetHints":{"allow":["GET"]}}],"collection":[{"href":"https:\/\/www.curico.cl\/home\/wp-json\/wp\/v2\/pages"}],"about":[{"href":"https:\/\/www.curico.cl\/home\/wp-json\/wp\/v2\/types\/page"}],"author":[{"embeddable":true,"href":"https:\/\/www.curico.cl\/home\/wp-json\/wp\/v2\/users\/1"}],"replies":[{"embeddable":true,"href":"https:\/\/www.curico.cl\/home\/wp-json\/wp\/v2\/comments?post=2529"}],"version-history":[{"count":0,"href":"https:\/\/www.curico.cl\/home\/wp-json\/wp\/v2\/pages\/2529\/revisions"}],"wp:attachment":[{"href":"https:\/\/www.curico.cl\/home\/wp-json\/wp\/v2\/media?parent=2529"}],"curies":[{"name":"wp","href":"https:\/\/api.w.org\/{rel}","templated":true}]}}