{"id":2244,"date":"2025-01-25T02:00:19","date_gmt":"2025-01-25T02:00:19","guid":{"rendered":"https:\/\/www.curico.cl\/home\/?page_id=2244"},"modified":"2025-08-07T17:10:50","modified_gmt":"2025-08-07T17:10:50","slug":"programa-promocion-salud","status":"publish","type":"page","link":"https:\/\/www.curico.cl\/home\/programa-promocion-salud\/","title":{"rendered":"programa promocion salud"},"content":{"rendered":"\t\t<div data-elementor-type=\"wp-page\" data-elementor-id=\"2244\" class=\"elementor elementor-2244\" data-elementor-post-type=\"page\">\n\t\t\t\t<div class=\"elementor-element elementor-element-660bee6 e-flex e-con-boxed e-con e-parent\" data-id=\"660bee6\" data-element_type=\"container\" data-e-type=\"container\">\n\t\t\t\t\t<div class=\"e-con-inner\">\n\t\t<div class=\"elementor-element elementor-element-a4f49f2 e-con-full e-flex e-con e-child\" data-id=\"a4f49f2\" data-element_type=\"container\" data-e-type=\"container\">\n\t\t\t\t<div class=\"elementor-element elementor-element-850bf48 elementor-widget elementor-widget-text-editor\" data-id=\"850bf48\" data-element_type=\"widget\" data-e-type=\"widget\" data-widget_type=\"text-editor.default\">\n\t\t\t\t<div class=\"elementor-widget-container\">\n\t\t\t\t\t\t\t\t\t<h6 style=\"text-align: justify;\">El objetivo del programa es fortalecer el rol de la Municipalidad para implementar la generaci\u00f3n de pol\u00edticas locales que permitan mejorar el acceso de la poblaci\u00f3n a la promoci\u00f3n de la salud a trav\u00e9s de planes de intervenci\u00f3n trienales.<\/h6><h6 style=\"text-align: justify;\"><strong>Perfil de usuario<\/strong><strong>\u00a0<\/strong><\/h6><h6 style=\"text-align: justify;\">El programa dirige su intervenci\u00f3n tanto a nivel individual como comunitario.<\/h6><h6 style=\"text-align: justify;\"><strong>Requisitos para ingresar a la oficina<\/strong><strong>\u00a0<\/strong><\/h6><h6 style=\"text-align: justify;\">Cualquier persona interesada en crear entornos saludables<\/h6><h6 style=\"text-align: justify;\"><strong>Beneficios de la Oficina\u00a0<\/strong><\/h6><h6 style=\"text-align: justify;\">El programa entrega los siguientes beneficios a la comunidad:<\/h6><ul><li style=\"text-align: justify;\"><h6>Formulaci\u00f3n e implementaci\u00f3n de regulaciones locales e promoci\u00f3n de la salud<\/h6><\/li><li style=\"text-align: justify;\"><h6>Creaci\u00f3n de huertos o invernaderos comunitarios y escolares<\/h6><\/li><li style=\"text-align: justify;\"><h6>Mejoramiento de espacios p\u00fablicos que cuenten con infraestructura b\u00e1sica para realizar actividad f\u00edsica<\/h6><\/li><li style=\"text-align: justify;\"><h6>Implementaci\u00f3n de se\u00f1al\u00e9tica del Programa<\/h6><\/li><li style=\"text-align: justify;\"><h6>Instalaci\u00f3n de estacionamientos de bicicletas en entorno comunal.<\/h6><\/li><li style=\"text-align: justify;\"><h6>Di\u00e1logos o conversatorios ciudadanos sobre promoci\u00f3n de la salud en entorno<\/h6><\/li><li style=\"text-align: justify;\"><h6>Campa\u00f1a comunicacional: difusi\u00f3n a trav\u00e9s de medios audiovisuales y dise\u00f1o de material informativo<\/h6><\/li><li style=\"text-align: justify;\"><h6>Producci\u00f3n de eventos comunales: eventos deportivos, campeonatos deportivos.<\/h6><\/li><li style=\"text-align: justify;\"><h6>Celebraci\u00f3n de hitos comunicacionales en entorno Comunal<\/h6><\/li><li style=\"text-align: justify;\"><h6>Talleres de huertos saludables y alimentaci\u00f3n saludable<\/h6><\/li><li style=\"text-align: justify;\"><h6>Capacitaci\u00f3n en promoci\u00f3n de salud a funcionarios p\u00fablicos y a gestores en entorno<\/h6><\/li><li style=\"text-align: justify;\"><h6>Talleres vecinales de actividad f\u00edsica, segmentada por grupos etarios.<\/h6><\/li><li style=\"text-align: justify;\">\u00a0<\/li><\/ul>\t\t\t\t\t\t\t\t<\/div>\n\t\t\t\t<\/div>\n\t\t\t\t<\/div>\n\t\t<div class=\"elementor-element elementor-element-840e2f4 e-con-full e-flex e-con e-child\" data-id=\"840e2f4\" data-element_type=\"container\" data-e-type=\"container\">\n\t\t<div class=\"elementor-element elementor-element-ef4437d e-con-full e-flex e-con e-child\" data-id=\"ef4437d\" data-element_type=\"container\" data-e-type=\"container\">\n\t\t\t\t<div class=\"elementor-element elementor-element-e013511 elementor-widget elementor-widget-pafe-vertical-timeline\" data-id=\"e013511\" data-element_type=\"widget\" data-e-type=\"widget\" data-widget_type=\"pafe-vertical-timeline.default\">\n\t\t\t\t<div class=\"elementor-widget-container\">\n\t\t\t\t\t\t\t<div class=\"cd-timeline js-cd-timeline pafe-vertical-timeline\" data-pafe-vertical-timeline>\n\t\t\t<div class=\"cd-timeline__container\">\n\t\t\t\t\t<div class=\"cd-timeline__block pafe-vertical-timeline__block\">\n\t\t\t\t\t\t\t\t\t\t\n\t\t\t\t\t\t<div class=\"cd-timeline__img cd-timeline__img--picture pafe-vertical-timeline__icon\">\t\t\n\t\t\t\t\t\t\t<i class=\"fa fa-address-book\" aria-hidden=\"true\"><\/i>\t\n\t\t\t\t\t\t<\/div>\t\n\t\t\t\t\t\t \n\t\t\t\t\t\t\t\t\t<div class=\"cd-timeline__content text-component pafe-vertical-timeline-content\" data-pafe-vertical-timeline-content>\n\t\t\t\t\t\t<div class=\"pafe-vertical-timeline-content__title\">Encargada<\/div>\n\t\t\t\t\t\t<div class=\"color-contrast-medium pafe-vertical-timeline-content__content\"><h6>Claudia V\u00e9liz Poblete<\/h6><\/div>\n\t\t\t\n\t\t\t\t\t\t<div class=\"flex justify-between items-center pafe-vertical-timeline__dates\">\n\t\t\t\t\t        \n\t\t\t\t\t        \t\n\t\t\t\t\t    <\/div> \t\t\t\t\t\t\t\n\t\t\t\t\t<\/div> \n\t\t\t\t\t\t\t\t\n\t\t\t<\/div>\t  \n\t\t\t\t\t<div class=\"cd-timeline__block pafe-vertical-timeline__block\">\n\t\t\t\t\t\t\t\t\t\t\n\t\t\t\t\t\t<div class=\"cd-timeline__img cd-timeline__img--picture pafe-vertical-timeline__icon\">\t\t\n\t\t\t\t\t\t\t<i class=\"fa fa-envelope-open\" aria-hidden=\"true\"><\/i>\t\n\t\t\t\t\t\t<\/div>\t\n\t\t\t\t\t\t \n\t\t\t\t\t\t\t\t\t<div class=\"cd-timeline__content text-component pafe-vertical-timeline-content\" data-pafe-vertical-timeline-content>\n\t\t\t\t\t\t<div class=\"pafe-vertical-timeline-content__title\">Correo<\/div>\n\t\t\t\t\t\t<div class=\"color-contrast-medium pafe-vertical-timeline-content__content\"><h6><a href=\"mailto:promocionsalud@curico.cl\">promocionsalud@curico.cl<\/a><\/h6><\/div>\n\t\t\t\n\t\t\t\t\t\t<div class=\"flex justify-between items-center pafe-vertical-timeline__dates\">\n\t\t\t\t\t        \n\t\t\t\t\t        \t\n\t\t\t\t\t    <\/div> \t\t\t\t\t\t\t\n\t\t\t\t\t<\/div> \n\t\t\t\t\t\t\t\t\n\t\t\t<\/div>\t  \n\t\t\t\t\t<div class=\"cd-timeline__block pafe-vertical-timeline__block\">\n\t\t\t\t\t\t\t\t\t\t\n\t\t\t\t\t\t<div class=\"cd-timeline__img cd-timeline__img--picture pafe-vertical-timeline__icon\">\t\t\n\t\t\t\t\t\t\t<i class=\"fa fa-map-marker\" aria-hidden=\"true\"><\/i>\t\n\t\t\t\t\t\t<\/div>\t\n\t\t\t\t\t\t \n\t\t\t\t\t\t\t\t\t<div class=\"cd-timeline__content text-component pafe-vertical-timeline-content\" data-pafe-vertical-timeline-content>\n\t\t\t\t\t\t<div class=\"pafe-vertical-timeline-content__title\">Direcci\u00f3n<\/div>\n\t\t\t\t\t\t<div class=\"color-contrast-medium pafe-vertical-timeline-content__content\"><h6 style=\"text-align: justify\">Estado # 279, primer piso.<\/h6><\/div>\n\t\t\t\n\t\t\t\t\t\t<div class=\"flex justify-between items-center pafe-vertical-timeline__dates\">\n\t\t\t\t\t        \n\t\t\t\t\t        \t\n\t\t\t\t\t    <\/div> \t\t\t\t\t\t\t\n\t\t\t\t\t<\/div> \n\t\t\t\t\t\t\t\t\n\t\t\t<\/div>\t  \n\t\t\t\t\t<div class=\"cd-timeline__block pafe-vertical-timeline__block\">\n\t\t\t\t\t\t\t\t\t\t\n\t\t\t\t\t\t<div class=\"cd-timeline__img cd-timeline__img--picture pafe-vertical-timeline__icon\">\t\t\n\t\t\t\t\t\t\t<i class=\"fa fa-check\" aria-hidden=\"true\"><\/i>\t\n\t\t\t\t\t\t<\/div>\t\n\t\t\t\t\t\t \n\t\t\t\t\t\t\t\t\t<div class=\"cd-timeline__content text-component pafe-vertical-timeline-content\" data-pafe-vertical-timeline-content>\n\t\t\t\t\t\t<div class=\"pafe-vertical-timeline-content__title\">Horario<\/div>\n\t\t\t\t\t\t<div class=\"color-contrast-medium pafe-vertical-timeline-content__content\"><h6>Lunes a viernes. 8:30- 14:00\u00a015:00 a 17.00 Horas.<\/h6><\/div>\n\t\t\t\n\t\t\t\t\t\t<div class=\"flex justify-between items-center pafe-vertical-timeline__dates\">\n\t\t\t\t\t        \n\t\t\t\t\t        \t\n\t\t\t\t\t    <\/div> \t\t\t\t\t\t\t\n\t\t\t\t\t<\/div> \n\t\t\t\t\t\t\t\t\n\t\t\t<\/div>\t  \n\t\t\t\n\t\t<\/div>\n\t\t\t\t\t\t<\/div>\n\t\t\t\t<\/div>\n\t\t\t\t<\/div>\n\t\t<div class=\"elementor-element elementor-element-d06c8db e-con-full e-flex e-con e-child\" data-id=\"d06c8db\" data-element_type=\"container\" data-e-type=\"container\">\n\t\t\t\t<\/div>\n\t\t\t\t<\/div>\n\t\t\t\t\t<\/div>\n\t\t\t\t<\/div>\n\t\t\t\t<\/div>\n\t\t","protected":false},"excerpt":{"rendered":"<p>El objetivo del programa es fortalecer el rol de la Municipalidad para implementar la generaci\u00f3n de pol\u00edticas locales que permitan mejorar el acceso de la poblaci\u00f3n a la promoci\u00f3n de la salud a trav\u00e9s de planes de intervenci\u00f3n trienales. Perfil de usuario\u00a0 El programa dirige su intervenci\u00f3n tanto a nivel individual como comunitario. Requisitos para [&hellip;]<\/p>\n","protected":false},"author":1,"featured_media":0,"parent":0,"menu_order":0,"comment_status":"closed","ping_status":"closed","template":"elementor_header_footer","meta":{"footnotes":""},"class_list":["post-2244","page","type-page","status-publish","hentry"],"rttpg_featured_image_url":null,"rttpg_author":{"display_name":"municco","author_link":"https:\/\/www.curico.cl\/home\/author\/municco\/"},"rttpg_comment":0,"rttpg_category":null,"rttpg_excerpt":"El objetivo del programa es fortalecer el rol de la Municipalidad para implementar la generaci\u00f3n de pol\u00edticas locales que permitan mejorar el acceso de la poblaci\u00f3n a la promoci\u00f3n de la salud a trav\u00e9s de planes de intervenci\u00f3n trienales. Perfil de usuario\u00a0 El programa dirige su intervenci\u00f3n tanto a nivel individual como comunitario. Requisitos para&hellip;","_links":{"self":[{"href":"https:\/\/www.curico.cl\/home\/wp-json\/wp\/v2\/pages\/2244","targetHints":{"allow":["GET"]}}],"collection":[{"href":"https:\/\/www.curico.cl\/home\/wp-json\/wp\/v2\/pages"}],"about":[{"href":"https:\/\/www.curico.cl\/home\/wp-json\/wp\/v2\/types\/page"}],"author":[{"embeddable":true,"href":"https:\/\/www.curico.cl\/home\/wp-json\/wp\/v2\/users\/1"}],"replies":[{"embeddable":true,"href":"https:\/\/www.curico.cl\/home\/wp-json\/wp\/v2\/comments?post=2244"}],"version-history":[{"count":3,"href":"https:\/\/www.curico.cl\/home\/wp-json\/wp\/v2\/pages\/2244\/revisions"}],"predecessor-version":[{"id":4573,"href":"https:\/\/www.curico.cl\/home\/wp-json\/wp\/v2\/pages\/2244\/revisions\/4573"}],"wp:attachment":[{"href":"https:\/\/www.curico.cl\/home\/wp-json\/wp\/v2\/media?parent=2244"}],"curies":[{"name":"wp","href":"https:\/\/api.w.org\/{rel}","templated":true}]}}