{"id":2240,"date":"2025-01-25T01:59:20","date_gmt":"2025-01-25T01:59:20","guid":{"rendered":"https:\/\/www.curico.cl\/home\/?page_id=2240"},"modified":"2025-08-07T17:09:47","modified_gmt":"2025-08-07T17:09:47","slug":"programa-jefas-de-hogar","status":"publish","type":"page","link":"https:\/\/www.curico.cl\/home\/programa-jefas-de-hogar\/","title":{"rendered":"programa jefas de hogar"},"content":{"rendered":"\t\t<div data-elementor-type=\"wp-page\" data-elementor-id=\"2240\" class=\"elementor elementor-2240\" data-elementor-post-type=\"page\">\n\t\t\t\t<div class=\"elementor-element elementor-element-e8860c3 e-flex e-con-boxed e-con e-parent\" data-id=\"e8860c3\" data-element_type=\"container\" data-e-type=\"container\">\n\t\t\t\t\t<div class=\"e-con-inner\">\n\t\t<div class=\"elementor-element elementor-element-70c58d3 e-con-full e-flex e-con e-child\" data-id=\"70c58d3\" data-element_type=\"container\" data-e-type=\"container\">\n\t\t\t\t<div class=\"elementor-element elementor-element-faa81cc elementor-widget elementor-widget-text-editor\" data-id=\"faa81cc\" data-element_type=\"widget\" data-e-type=\"widget\" data-widget_type=\"text-editor.default\">\n\t\t\t\t<div class=\"elementor-widget-container\">\n\t\t\t\t\t\t\t\t\t<h6 style=\"text-align: justify;\">El programa Mujeres Jefas de Hogar busca promover la autonom\u00eda econ\u00f3mica de las mujeres a trav\u00e9s de la entrega de un conjunto de herramientas que les permitan generar y gestionar ingresos y recursos propios de acuerdo al perfil que deseen fortalecer cada una de las mujeres participantes, ya sea perfil de emprendedora o de trabajadora dependiente.<\/h6><h6 style=\"text-align: justify;\">En la l\u00ednea de emprendimiento, los apoyos espec\u00edficos entregados a las participantes, son: Escuela de Emprendimiento Femenino, curso de marketing digital, cursos de finanzas y participaci\u00f3n en cursos o seminarios tendientes a mejorar la gesti\u00f3n de los negocios liderados por mujeres. Asimismo, para las mujeres que buscan potenciar su perfil laboral de trabajo dependiente, el Programa cuenta con la estrategia \u201cMujer Empl\u00e9ate\u201d donde mediante la Escuela de Formaci\u00f3n Laboral Femenina, talleres de presentaci\u00f3n a entrevista, cursos en oficios, se busca potenciar el desarrollo personal para un ingreso optimo e integral a mundo laboral. Entre los componentes entregados se encuentran: Nivelaci\u00f3n de estudios, capacitaci\u00f3n en oficios, Alfabetizaci\u00f3n digital, talleres de formaci\u00f3n para el trabajo, apoyo en inserci\u00f3n laboral, talleres de finanzas, marketing digital, espacios de comercializaci\u00f3n para emprendimientos.<\/h6><h6 style=\"text-align: justify;\">**El programa no entrega bonos<\/h6><h6 style=\"text-align: justify;\"><strong>Perfil de usuario<\/strong><\/h6><h6 style=\"text-align: justify;\"><strong>\u00a0<\/strong>Mujeres mayores de 18 a\u00f1os, que sean jefas de hogar (sustento econ\u00f3mico principal de su hogar)<\/h6><h6 style=\"text-align: justify;\"><strong>Requisitos para ingresar a la oficina:<\/strong><\/h6><ul><li style=\"text-align: justify;\"><h6>Ser mujer, mayor de 18 a\u00f1os, jefa de hogar<\/h6><\/li><li style=\"text-align: justify;\"><h6>seg\u00fan RSH, vivir o trabajar en la comuna de Curic\u00f3<\/h6><\/li><li style=\"text-align: justify;\"><h6>RSH hasta el 70%,<\/h6><\/li><li style=\"text-align: justify;\"><h6>No haber participado del programa en los \u00faltimos 5 a\u00f1os<\/h6><\/li><\/ul><h6><strong>Beneficios de la Oficina<\/strong><strong>\u00a0<\/strong><\/h6><ul><li><h6>Nivelaci\u00f3n de estudios<\/h6><\/li><li><h6>capacitaci\u00f3n en oficios<\/h6><\/li><li><h6>Alfabetizaci\u00f3n digital<\/h6><\/li><li><h6>talleres de formaci\u00f3n para el trabajo<\/h6><\/li><li><h6>apoyo en inserci\u00f3n laboral<\/h6><\/li><li><h6>talleres de finanzas,<\/h6><\/li><li><h6>marketing digital<\/h6><\/li><li><h6>espacios de\u00a0\u00a0\u00a0\u00a0\u00a0\u00a0\u00a0 comercializaci\u00f3n\u00a0\u00a0\u00a0\u00a0\u00a0\u00a0\u00a0 para emprendimientos.<\/h6><\/li><\/ul>\t\t\t\t\t\t\t\t<\/div>\n\t\t\t\t<\/div>\n\t\t\t\t<\/div>\n\t\t<div class=\"elementor-element elementor-element-70f991f e-con-full e-flex e-con e-child\" data-id=\"70f991f\" data-element_type=\"container\" data-e-type=\"container\">\n\t\t<div class=\"elementor-element elementor-element-6ba66fc e-con-full e-flex e-con e-child\" data-id=\"6ba66fc\" data-element_type=\"container\" data-e-type=\"container\">\n\t\t\t\t<div class=\"elementor-element elementor-element-3b41bc4 elementor-widget elementor-widget-pafe-vertical-timeline\" data-id=\"3b41bc4\" data-element_type=\"widget\" data-e-type=\"widget\" data-widget_type=\"pafe-vertical-timeline.default\">\n\t\t\t\t<div class=\"elementor-widget-container\">\n\t\t\t\t\t\t\t<div class=\"cd-timeline js-cd-timeline pafe-vertical-timeline\" data-pafe-vertical-timeline>\n\t\t\t<div class=\"cd-timeline__container\">\n\t\t\t\t\t<div class=\"cd-timeline__block pafe-vertical-timeline__block\">\n\t\t\t\t\t\t\t\t\t\t\n\t\t\t\t\t\t<div class=\"cd-timeline__img cd-timeline__img--picture pafe-vertical-timeline__icon\">\t\t\n\t\t\t\t\t\t\t<i class=\"fa fa-address-book\" aria-hidden=\"true\"><\/i>\t\n\t\t\t\t\t\t<\/div>\t\n\t\t\t\t\t\t \n\t\t\t\t\t\t\t\t\t<div class=\"cd-timeline__content text-component pafe-vertical-timeline-content\" data-pafe-vertical-timeline-content>\n\t\t\t\t\t\t<div class=\"pafe-vertical-timeline-content__title\">Encargadas<\/div>\n\t\t\t\t\t\t<div class=\"color-contrast-medium pafe-vertical-timeline-content__content\"><h6>Natalia Vergara \u2013 Am\u00e9rica Mart\u00ednez<\/h6><\/div>\n\t\t\t\n\t\t\t\t\t\t<div class=\"flex justify-between items-center pafe-vertical-timeline__dates\">\n\t\t\t\t\t        \n\t\t\t\t\t        \t\n\t\t\t\t\t    <\/div> \t\t\t\t\t\t\t\n\t\t\t\t\t<\/div> \n\t\t\t\t\t\t\t\t\n\t\t\t<\/div>\t  \n\t\t\t\t\t<div class=\"cd-timeline__block pafe-vertical-timeline__block\">\n\t\t\t\t\t\t\t\t\t\t\n\t\t\t\t\t\t<div class=\"cd-timeline__img cd-timeline__img--picture pafe-vertical-timeline__icon\">\t\t\n\t\t\t\t\t\t\t<i class=\"fa fa-envelope-open\" aria-hidden=\"true\"><\/i>\t\n\t\t\t\t\t\t<\/div>\t\n\t\t\t\t\t\t \n\t\t\t\t\t\t\t\t\t<div class=\"cd-timeline__content text-component pafe-vertical-timeline-content\" data-pafe-vertical-timeline-content>\n\t\t\t\t\t\t<div class=\"pafe-vertical-timeline-content__title\">Correo<\/div>\n\t\t\t\t\t\t<div class=\"color-contrast-medium pafe-vertical-timeline-content__content\"><h6><a href=\"mailto:programajefasdehogar@curico.cl\">programajefasdehogar@curico.cl<\/a><\/h6><\/div>\n\t\t\t\n\t\t\t\t\t\t<div class=\"flex justify-between items-center pafe-vertical-timeline__dates\">\n\t\t\t\t\t        \n\t\t\t\t\t        \t\n\t\t\t\t\t    <\/div> \t\t\t\t\t\t\t\n\t\t\t\t\t<\/div> \n\t\t\t\t\t\t\t\t\n\t\t\t<\/div>\t  \n\t\t\t\t\t<div class=\"cd-timeline__block pafe-vertical-timeline__block\">\n\t\t\t\t\t\t\t\t\t\t\n\t\t\t\t\t\t<div class=\"cd-timeline__img cd-timeline__img--picture pafe-vertical-timeline__icon\">\t\t\n\t\t\t\t\t\t\t<i class=\"fa fa-map-marker\" aria-hidden=\"true\"><\/i>\t\n\t\t\t\t\t\t<\/div>\t\n\t\t\t\t\t\t \n\t\t\t\t\t\t\t\t\t<div class=\"cd-timeline__content text-component pafe-vertical-timeline-content\" data-pafe-vertical-timeline-content>\n\t\t\t\t\t\t<div class=\"pafe-vertical-timeline-content__title\">Direcci\u00f3n<\/div>\n\t\t\t\t\t\t<div class=\"color-contrast-medium pafe-vertical-timeline-content__content\"><h6 style=\"text-align: justify\">Camilo Henr\u00edquez N\u00b054<\/h6><\/div>\n\t\t\t\n\t\t\t\t\t\t<div class=\"flex justify-between items-center pafe-vertical-timeline__dates\">\n\t\t\t\t\t        \n\t\t\t\t\t        \t\n\t\t\t\t\t    <\/div> \t\t\t\t\t\t\t\n\t\t\t\t\t<\/div> \n\t\t\t\t\t\t\t\t\n\t\t\t<\/div>\t  \n\t\t\t\t\t<div class=\"cd-timeline__block pafe-vertical-timeline__block\">\n\t\t\t\t\t\t\t\t\t\t\n\t\t\t\t\t\t<div class=\"cd-timeline__img cd-timeline__img--picture pafe-vertical-timeline__icon\">\t\t\n\t\t\t\t\t\t\t<i class=\"fa fa-check\" aria-hidden=\"true\"><\/i>\t\n\t\t\t\t\t\t<\/div>\t\n\t\t\t\t\t\t \n\t\t\t\t\t\t\t\t\t<div class=\"cd-timeline__content text-component pafe-vertical-timeline-content\" data-pafe-vertical-timeline-content>\n\t\t\t\t\t\t<div class=\"pafe-vertical-timeline-content__title\">Horario<\/div>\n\t\t\t\t\t\t<div class=\"color-contrast-medium pafe-vertical-timeline-content__content\"><h6>Lunes a viernes. 8.30- 1400\u00a015:00-17:00 Horas.<\/h6><\/div>\n\t\t\t\n\t\t\t\t\t\t<div class=\"flex justify-between items-center pafe-vertical-timeline__dates\">\n\t\t\t\t\t        \n\t\t\t\t\t        \t\n\t\t\t\t\t    <\/div> \t\t\t\t\t\t\t\n\t\t\t\t\t<\/div> \n\t\t\t\t\t\t\t\t\n\t\t\t<\/div>\t  \n\t\t\t\n\t\t<\/div>\n\t\t\t\t\t\t<\/div>\n\t\t\t\t<\/div>\n\t\t\t\t<\/div>\n\t\t<div class=\"elementor-element elementor-element-b6439bc e-con-full e-flex e-con e-child\" data-id=\"b6439bc\" data-element_type=\"container\" data-e-type=\"container\">\n\t\t\t\t<\/div>\n\t\t\t\t<\/div>\n\t\t\t\t\t<\/div>\n\t\t\t\t<\/div>\n\t\t\t\t<\/div>\n\t\t","protected":false},"excerpt":{"rendered":"<p>El programa Mujeres Jefas de Hogar busca promover la autonom\u00eda econ\u00f3mica de las mujeres a trav\u00e9s de la entrega de un conjunto de herramientas que les permitan generar y gestionar ingresos y recursos propios de acuerdo al perfil que deseen fortalecer cada una de las mujeres participantes, ya sea perfil de emprendedora o de trabajadora [&hellip;]<\/p>\n","protected":false},"author":1,"featured_media":0,"parent":0,"menu_order":0,"comment_status":"closed","ping_status":"closed","template":"elementor_header_footer","meta":{"footnotes":""},"class_list":["post-2240","page","type-page","status-publish","hentry"],"rttpg_featured_image_url":null,"rttpg_author":{"display_name":"municco","author_link":"https:\/\/www.curico.cl\/home\/author\/municco\/"},"rttpg_comment":0,"rttpg_category":null,"rttpg_excerpt":"El programa Mujeres Jefas de Hogar busca promover la autonom\u00eda econ\u00f3mica de las mujeres a trav\u00e9s de la entrega de un conjunto de herramientas que les permitan generar y gestionar ingresos y recursos propios de acuerdo al perfil que deseen fortalecer cada una de las mujeres participantes, ya sea perfil de emprendedora o de trabajadora&hellip;","_links":{"self":[{"href":"https:\/\/www.curico.cl\/home\/wp-json\/wp\/v2\/pages\/2240","targetHints":{"allow":["GET"]}}],"collection":[{"href":"https:\/\/www.curico.cl\/home\/wp-json\/wp\/v2\/pages"}],"about":[{"href":"https:\/\/www.curico.cl\/home\/wp-json\/wp\/v2\/types\/page"}],"author":[{"embeddable":true,"href":"https:\/\/www.curico.cl\/home\/wp-json\/wp\/v2\/users\/1"}],"replies":[{"embeddable":true,"href":"https:\/\/www.curico.cl\/home\/wp-json\/wp\/v2\/comments?post=2240"}],"version-history":[{"count":6,"href":"https:\/\/www.curico.cl\/home\/wp-json\/wp\/v2\/pages\/2240\/revisions"}],"predecessor-version":[{"id":4564,"href":"https:\/\/www.curico.cl\/home\/wp-json\/wp\/v2\/pages\/2240\/revisions\/4564"}],"wp:attachment":[{"href":"https:\/\/www.curico.cl\/home\/wp-json\/wp\/v2\/media?parent=2240"}],"curies":[{"name":"wp","href":"https:\/\/api.w.org\/{rel}","templated":true}]}}