{"id":2238,"date":"2025-01-25T01:59:05","date_gmt":"2025-01-25T01:59:05","guid":{"rendered":"https:\/\/www.curico.cl\/home\/?page_id=2238"},"modified":"2025-08-07T17:11:34","modified_gmt":"2025-08-07T17:11:34","slug":"programa-residencia-transitoria","status":"publish","type":"page","link":"https:\/\/www.curico.cl\/home\/programa-residencia-transitoria\/","title":{"rendered":"programa residencia transitoria"},"content":{"rendered":"\t\t<div data-elementor-type=\"wp-page\" data-elementor-id=\"2238\" class=\"elementor elementor-2238\" data-elementor-post-type=\"page\">\n\t\t\t\t<div class=\"elementor-element elementor-element-23c73de e-flex e-con-boxed e-con e-parent\" data-id=\"23c73de\" data-element_type=\"container\" data-e-type=\"container\">\n\t\t\t\t\t<div class=\"e-con-inner\">\n\t\t<div class=\"elementor-element elementor-element-8af0e06 e-con-full e-flex e-con e-child\" data-id=\"8af0e06\" data-element_type=\"container\" data-e-type=\"container\">\n\t\t\t\t<div class=\"elementor-element elementor-element-a185441 elementor-widget elementor-widget-text-editor\" data-id=\"a185441\" data-element_type=\"widget\" data-e-type=\"widget\" data-widget_type=\"text-editor.default\">\n\t\t\t\t<div class=\"elementor-widget-container\">\n\t\t\t\t\t\t\t\t\t<h6 style=\"text-align: justify;\">Entregar atenci\u00f3n residencial a mujeres mayores de 18 a\u00f1os, sus hijas e hijos, que ven Vulnerados sus derechos a la vida y seguridad debido a la violencia grave\/extrema.<\/h6><h6 style=\"text-align: justify;\">El servicio consiste en proveer de una residencia temporal, garantizar la provisi\u00f3n de alimentaci\u00f3n y de habitaci\u00f3n con fines de seguridad, para las mujeres y sus hijas e hijos, hasta los 14 a\u00f1os de edad.<\/h6><h6 style=\"text-align: justify;\"><strong>Perfil de usuaria<\/strong><\/h6><ul style=\"text-align: justify;\"><li><h6>Mujer de 18 a\u00f1os o m\u00e1s, en situaci\u00f3n de riesgo grave o vital producto de violencia de g\u00e9nero vivida, cuyos hechos hayan sido o no Con hijos\/as hasta 14 a\u00f1os de edad.<\/h6><\/li><li><h6>Voluntariedad de la mujer de ingresar al dispositivo de protecci\u00f3n<\/h6><\/li><li><h6>Ser mujer autovalente<\/h6><\/li><\/ul><h6 style=\"text-align: justify;\"><strong>Requisitos para ingresar a la Residencia<\/strong><\/h6><h6 style=\"text-align: justify;\"><strong>\u00a0<\/strong>Derivaci\u00f3n de Fiscal\u00eda, Tribunales de Familia o Programas de violencia de g\u00e9nero de SernamEG.<\/h6><h6 style=\"text-align: justify;\"><strong>Beneficios del Programa <\/strong>Otorgar residencia temporal<\/h6>\t\t\t\t\t\t\t\t<\/div>\n\t\t\t\t<\/div>\n\t\t\t\t<\/div>\n\t\t<div class=\"elementor-element elementor-element-d4312bf e-con-full e-flex e-con e-child\" data-id=\"d4312bf\" data-element_type=\"container\" data-e-type=\"container\">\n\t\t<div class=\"elementor-element elementor-element-cf60677 e-con-full e-flex e-con e-child\" data-id=\"cf60677\" data-element_type=\"container\" data-e-type=\"container\">\n\t\t\t\t<div class=\"elementor-element elementor-element-dfa9e18 elementor-widget elementor-widget-pafe-vertical-timeline\" data-id=\"dfa9e18\" data-element_type=\"widget\" data-e-type=\"widget\" data-widget_type=\"pafe-vertical-timeline.default\">\n\t\t\t\t<div class=\"elementor-widget-container\">\n\t\t\t\t\t\t\t<div class=\"cd-timeline js-cd-timeline pafe-vertical-timeline\" data-pafe-vertical-timeline>\n\t\t\t<div class=\"cd-timeline__container\">\n\t\t\t\t\t<div class=\"cd-timeline__block pafe-vertical-timeline__block\">\n\t\t\t\t\t\t\t\t\t\t\n\t\t\t\t\t\t<div class=\"cd-timeline__img cd-timeline__img--picture pafe-vertical-timeline__icon\">\t\t\n\t\t\t\t\t\t\t<i class=\"fa fa-address-book\" aria-hidden=\"true\"><\/i>\t\n\t\t\t\t\t\t<\/div>\t\n\t\t\t\t\t\t \n\t\t\t\t\t\t\t\t\t<div class=\"cd-timeline__content text-component pafe-vertical-timeline-content\" data-pafe-vertical-timeline-content>\n\t\t\t\t\t\t<div class=\"pafe-vertical-timeline-content__title\">Encargada<\/div>\n\t\t\t\t\t\t<div class=\"color-contrast-medium pafe-vertical-timeline-content__content\"><h6>Mar\u00eda Jos\u00e9 Urra Gonz\u00e1lez<\/h6><\/div>\n\t\t\t\n\t\t\t\t\t\t<div class=\"flex justify-between items-center pafe-vertical-timeline__dates\">\n\t\t\t\t\t        \n\t\t\t\t\t        \t\n\t\t\t\t\t    <\/div> \t\t\t\t\t\t\t\n\t\t\t\t\t<\/div> \n\t\t\t\t\t\t\t\t\n\t\t\t<\/div>\t  \n\t\t\t\t\t<div class=\"cd-timeline__block pafe-vertical-timeline__block\">\n\t\t\t\t\t\t\t\t\t\t\n\t\t\t\t\t\t<div class=\"cd-timeline__img cd-timeline__img--picture pafe-vertical-timeline__icon\">\t\t\n\t\t\t\t\t\t\t<i class=\"fa fa-envelope-open\" aria-hidden=\"true\"><\/i>\t\n\t\t\t\t\t\t<\/div>\t\n\t\t\t\t\t\t \n\t\t\t\t\t\t\t\t\t<div class=\"cd-timeline__content text-component pafe-vertical-timeline-content\" data-pafe-vertical-timeline-content>\n\t\t\t\t\t\t<div class=\"pafe-vertical-timeline-content__title\">Correo<\/div>\n\t\t\t\t\t\t<div class=\"color-contrast-medium pafe-vertical-timeline-content__content\"><h6><a href=\"mailto:residenciatransitoria@curico.cl\">residenciatransitoria@curico.cl<\/a><\/h6><\/div>\n\t\t\t\n\t\t\t\t\t\t<div class=\"flex justify-between items-center pafe-vertical-timeline__dates\">\n\t\t\t\t\t        \n\t\t\t\t\t        \t\n\t\t\t\t\t    <\/div> \t\t\t\t\t\t\t\n\t\t\t\t\t<\/div> \n\t\t\t\t\t\t\t\t\n\t\t\t<\/div>\t  \n\t\t\t\t\t<div class=\"cd-timeline__block pafe-vertical-timeline__block\">\n\t\t\t\t\t\t\t\t\t\t\n\t\t\t\t\t\t<div class=\"cd-timeline__img cd-timeline__img--picture pafe-vertical-timeline__icon\">\t\t\n\t\t\t\t\t\t\t<i class=\"fa fa-map-marker\" aria-hidden=\"true\"><\/i>\t\n\t\t\t\t\t\t<\/div>\t\n\t\t\t\t\t\t \n\t\t\t\t\t\t\t\t\t<div class=\"cd-timeline__content text-component pafe-vertical-timeline-content\" data-pafe-vertical-timeline-content>\n\t\t\t\t\t\t<div class=\"pafe-vertical-timeline-content__title\">Direcci\u00f3n<\/div>\n\t\t\t\t\t\t<div class=\"color-contrast-medium pafe-vertical-timeline-content__content\"><p>RESERVADA<\/p><\/div>\n\t\t\t\n\t\t\t\t\t\t<div class=\"flex justify-between items-center pafe-vertical-timeline__dates\">\n\t\t\t\t\t        \n\t\t\t\t\t        \t\n\t\t\t\t\t    <\/div> \t\t\t\t\t\t\t\n\t\t\t\t\t<\/div> \n\t\t\t\t\t\t\t\t\n\t\t\t<\/div>\t  \n\t\t\t\t\t<div class=\"cd-timeline__block pafe-vertical-timeline__block\">\n\t\t\t\t\t\t\t\t\t\t\n\t\t\t\t\t\t<div class=\"cd-timeline__img cd-timeline__img--picture pafe-vertical-timeline__icon\">\t\t\n\t\t\t\t\t\t\t<i class=\"fa fa-check\" aria-hidden=\"true\"><\/i>\t\n\t\t\t\t\t\t<\/div>\t\n\t\t\t\t\t\t \n\t\t\t\t\t\t\t\t\t<div class=\"cd-timeline__content text-component pafe-vertical-timeline-content\" data-pafe-vertical-timeline-content>\n\t\t\t\t\t\t<div class=\"pafe-vertical-timeline-content__title\">Horario<\/div>\n\t\t\t\t\t\t<div class=\"color-contrast-medium pafe-vertical-timeline-content__content\"><h6>La residencia funciona las 24 horas, sin embargo, el horario del equipo t\u00e9cnico es de 9:00 a 18:00 hrs.<\/h6><\/div>\n\t\t\t\n\t\t\t\t\t\t<div class=\"flex justify-between items-center pafe-vertical-timeline__dates\">\n\t\t\t\t\t        \n\t\t\t\t\t        \t\n\t\t\t\t\t    <\/div> \t\t\t\t\t\t\t\n\t\t\t\t\t<\/div> \n\t\t\t\t\t\t\t\t\n\t\t\t<\/div>\t  \n\t\t\t\n\t\t<\/div>\n\t\t\t\t\t\t<\/div>\n\t\t\t\t<\/div>\n\t\t\t\t<\/div>\n\t\t<div class=\"elementor-element elementor-element-c7088ba e-con-full e-flex e-con e-child\" data-id=\"c7088ba\" data-element_type=\"container\" data-e-type=\"container\">\n\t\t\t\t<\/div>\n\t\t\t\t<\/div>\n\t\t\t\t\t<\/div>\n\t\t\t\t<\/div>\n\t\t\t\t<\/div>\n\t\t","protected":false},"excerpt":{"rendered":"<p>Entregar atenci\u00f3n residencial a mujeres mayores de 18 a\u00f1os, sus hijas e hijos, que ven Vulnerados sus derechos a la vida y seguridad debido a la violencia grave\/extrema. El servicio consiste en proveer de una residencia temporal, garantizar la provisi\u00f3n de alimentaci\u00f3n y de habitaci\u00f3n con fines de seguridad, para las mujeres y sus hijas [&hellip;]<\/p>\n","protected":false},"author":1,"featured_media":0,"parent":0,"menu_order":0,"comment_status":"closed","ping_status":"closed","template":"elementor_header_footer","meta":{"footnotes":""},"class_list":["post-2238","page","type-page","status-publish","hentry"],"rttpg_featured_image_url":null,"rttpg_author":{"display_name":"municco","author_link":"https:\/\/www.curico.cl\/home\/author\/municco\/"},"rttpg_comment":0,"rttpg_category":null,"rttpg_excerpt":"Entregar atenci\u00f3n residencial a mujeres mayores de 18 a\u00f1os, sus hijas e hijos, que ven Vulnerados sus derechos a la vida y seguridad debido a la violencia grave\/extrema. El servicio consiste en proveer de una residencia temporal, garantizar la provisi\u00f3n de alimentaci\u00f3n y de habitaci\u00f3n con fines de seguridad, para las mujeres y sus hijas&hellip;","_links":{"self":[{"href":"https:\/\/www.curico.cl\/home\/wp-json\/wp\/v2\/pages\/2238","targetHints":{"allow":["GET"]}}],"collection":[{"href":"https:\/\/www.curico.cl\/home\/wp-json\/wp\/v2\/pages"}],"about":[{"href":"https:\/\/www.curico.cl\/home\/wp-json\/wp\/v2\/types\/page"}],"author":[{"embeddable":true,"href":"https:\/\/www.curico.cl\/home\/wp-json\/wp\/v2\/users\/1"}],"replies":[{"embeddable":true,"href":"https:\/\/www.curico.cl\/home\/wp-json\/wp\/v2\/comments?post=2238"}],"version-history":[{"count":3,"href":"https:\/\/www.curico.cl\/home\/wp-json\/wp\/v2\/pages\/2238\/revisions"}],"predecessor-version":[{"id":4579,"href":"https:\/\/www.curico.cl\/home\/wp-json\/wp\/v2\/pages\/2238\/revisions\/4579"}],"wp:attachment":[{"href":"https:\/\/www.curico.cl\/home\/wp-json\/wp\/v2\/media?parent=2238"}],"curies":[{"name":"wp","href":"https:\/\/api.w.org\/{rel}","templated":true}]}}