{"id":2234,"date":"2025-01-25T01:58:23","date_gmt":"2025-01-25T01:58:23","guid":{"rendered":"https:\/\/www.curico.cl\/home\/?page_id=2234"},"modified":"2025-08-07T17:08:21","modified_gmt":"2025-08-07T17:08:21","slug":"programa-albergue-protege","status":"publish","type":"page","link":"https:\/\/www.curico.cl\/home\/programa-albergue-protege\/","title":{"rendered":"programa albergue protege"},"content":{"rendered":"\t\t<div data-elementor-type=\"wp-page\" data-elementor-id=\"2234\" class=\"elementor elementor-2234\" data-elementor-post-type=\"page\">\n\t\t\t\t<div class=\"elementor-element elementor-element-dca107a e-flex e-con-boxed e-con e-parent\" data-id=\"dca107a\" data-element_type=\"container\" data-e-type=\"container\">\n\t\t\t\t\t<div class=\"e-con-inner\">\n\t\t<div class=\"elementor-element elementor-element-67fc312 e-con-full e-flex e-con e-child\" data-id=\"67fc312\" data-element_type=\"container\" data-e-type=\"container\">\n\t\t\t\t<div class=\"elementor-element elementor-element-eca32ca elementor-widget elementor-widget-text-editor\" data-id=\"eca32ca\" data-element_type=\"widget\" data-e-type=\"widget\" data-widget_type=\"text-editor.default\">\n\t\t\t\t<div class=\"elementor-widget-container\">\n\t\t\t\t\t\t\t\t\t<h6 style=\"text-align: justify;\">El Albergue Municipal perteneciente al Plan Protege Calle del Programa Noche Digna del Ministerio de Desarrollo Social y Familia tiene como\u00a0\u00a0\u00a0\u00a0\u00a0\u00a0 objetivo\u00a0\u00a0\u00a0\u00a0\u00a0\u00a0 entregar\u00a0\u00a0\u00a0\u00a0\u00a0\u00a0\u00a0\u00a0\u00a0\u00a0 prestaciones\u00a0\u00a0\u00a0\u00a0\u00a0\u00a0 de alojamiento,\u00a0 alimentaci\u00f3n,\u00a0\u00a0\u00a0\u00a0\u00a0 \u00a0\u00a0\u00a0\u00a0\u00a0\u00a0\u00a0\u00a0\u00a0\u00a0\u00a0\u00a0\u00a0\u00a0\u00a0 higiene,\u00a0\u00a0\u00a0\u00a0\u00a0\u00a0 abrigo, atenci\u00f3n b\u00e1sica de salud y derivaciones con la finalidad de proteger la vida y disminuir los riesgos a la salud de las personas en situaci\u00f3n de calle.<\/h6><h6 style=\"text-align: justify;\"><strong>Perfil de Usuario<\/strong><\/h6><h6 style=\"text-align: justify;\">El programa est\u00e1 dirigido a toda Persona en Situaci\u00f3n Calle (PSC) mayor a 18 a\u00f1os y a<\/h6><h6 style=\"text-align: justify;\">familias en la misma situaci\u00f3n. Se entiende a Persona en Situaci\u00f3n Calle como; Personas que pernoctan en lugares p\u00fablicos o privados, sin contar con una infraestructura que pueda ser caracterizada como vivienda, aunque \u00e9sta sea precaria. Se excluye de este grupo a quienes habitan en campamentos. Requisito para ingresar al Programa<\/h6><h6 style=\"text-align: justify;\">Para ingresar al albergue solo se requiere ser Persona en Situaci\u00f3n de Calle mayor a 18 a\u00f1os o pertenecer a una familia en la misma situaci\u00f3n.<\/h6><h6 style=\"text-align: justify;\"><strong>Beneficios del programa<\/strong><\/h6><h6 style=\"text-align: justify;\">Todos los participantes del programa recibir\u00e1n prestaciones de alimentaci\u00f3n (desayuno, almuerzo, merienda y cena), higiene (kit de aseo<\/h6><h6 style=\"text-align: justify;\">semanal), abrigo (ropa de cama y ropa personal) y atenciones b\u00e1sicas de salud.<\/h6><h6 style=\"text-align: justify;\">Adem\u00e1s de charlas o talleres semanales, asesoramiento en temas de beneficios sociales, etc.<\/h6>\t\t\t\t\t\t\t\t<\/div>\n\t\t\t\t<\/div>\n\t\t\t\t<\/div>\n\t\t<div class=\"elementor-element elementor-element-2f50794 e-con-full e-flex e-con e-child\" data-id=\"2f50794\" data-element_type=\"container\" data-e-type=\"container\">\n\t\t<div class=\"elementor-element elementor-element-88c2589 e-con-full e-flex e-con e-child\" data-id=\"88c2589\" data-element_type=\"container\" data-e-type=\"container\">\n\t\t\t\t<div class=\"elementor-element elementor-element-74b2f9a elementor-widget elementor-widget-pafe-vertical-timeline\" data-id=\"74b2f9a\" data-element_type=\"widget\" data-e-type=\"widget\" data-widget_type=\"pafe-vertical-timeline.default\">\n\t\t\t\t<div class=\"elementor-widget-container\">\n\t\t\t\t\t\t\t<div class=\"cd-timeline js-cd-timeline pafe-vertical-timeline\" data-pafe-vertical-timeline>\n\t\t\t<div class=\"cd-timeline__container\">\n\t\t\t\t\t<div class=\"cd-timeline__block pafe-vertical-timeline__block\">\n\t\t\t\t\t\t\t\t\t\t\n\t\t\t\t\t\t<div class=\"cd-timeline__img cd-timeline__img--picture pafe-vertical-timeline__icon\">\t\t\n\t\t\t\t\t\t\t<i class=\"fa fa-address-book\" aria-hidden=\"true\"><\/i>\t\n\t\t\t\t\t\t<\/div>\t\n\t\t\t\t\t\t \n\t\t\t\t\t\t\t\t\t<div class=\"cd-timeline__content text-component pafe-vertical-timeline-content\" data-pafe-vertical-timeline-content>\n\t\t\t\t\t\t<div class=\"pafe-vertical-timeline-content__title\">Encargada<\/div>\n\t\t\t\t\t\t<div class=\"color-contrast-medium pafe-vertical-timeline-content__content\"><h6>Laura Ampuero Rojas<\/h6><\/div>\n\t\t\t\n\t\t\t\t\t\t<div class=\"flex justify-between items-center pafe-vertical-timeline__dates\">\n\t\t\t\t\t        \n\t\t\t\t\t        \t\n\t\t\t\t\t    <\/div> \t\t\t\t\t\t\t\n\t\t\t\t\t<\/div> \n\t\t\t\t\t\t\t\t\n\t\t\t<\/div>\t  \n\t\t\t\t\t<div class=\"cd-timeline__block pafe-vertical-timeline__block\">\n\t\t\t\t\t\t\t\t\t\t\n\t\t\t\t\t\t<div class=\"cd-timeline__img cd-timeline__img--picture pafe-vertical-timeline__icon\">\t\t\n\t\t\t\t\t\t\t<i class=\"fa fa-envelope-open\" aria-hidden=\"true\"><\/i>\t\n\t\t\t\t\t\t<\/div>\t\n\t\t\t\t\t\t \n\t\t\t\t\t\t\t\t\t<div class=\"cd-timeline__content text-component pafe-vertical-timeline-content\" data-pafe-vertical-timeline-content>\n\t\t\t\t\t\t<div class=\"pafe-vertical-timeline-content__title\">Correo<\/div>\n\t\t\t\t\t\t<div class=\"color-contrast-medium pafe-vertical-timeline-content__content\"><h6><a href=\"mailto:albergueprotege@curico.cl\">albergueprotege@curico.cl<\/a><\/h6><\/div>\n\t\t\t\n\t\t\t\t\t\t<div class=\"flex justify-between items-center pafe-vertical-timeline__dates\">\n\t\t\t\t\t        \n\t\t\t\t\t        \t\n\t\t\t\t\t    <\/div> \t\t\t\t\t\t\t\n\t\t\t\t\t<\/div> \n\t\t\t\t\t\t\t\t\n\t\t\t<\/div>\t  \n\t\t\t\t\t<div class=\"cd-timeline__block pafe-vertical-timeline__block\">\n\t\t\t\t\t\t\t\t\t\t\n\t\t\t\t\t\t<div class=\"cd-timeline__img cd-timeline__img--picture pafe-vertical-timeline__icon\">\t\t\n\t\t\t\t\t\t\t<i class=\"fa fa-map-marker\" aria-hidden=\"true\"><\/i>\t\n\t\t\t\t\t\t<\/div>\t\n\t\t\t\t\t\t \n\t\t\t\t\t\t\t\t\t<div class=\"cd-timeline__content text-component pafe-vertical-timeline-content\" data-pafe-vertical-timeline-content>\n\t\t\t\t\t\t<div class=\"pafe-vertical-timeline-content__title\">Direcci\u00f3n<\/div>\n\t\t\t\t\t\t<div class=\"color-contrast-medium pafe-vertical-timeline-content__content\"><h6 style=\"text-align: justify\">Buen Pastor N\u00b0 441.<\/h6><\/div>\n\t\t\t\n\t\t\t\t\t\t<div class=\"flex justify-between items-center pafe-vertical-timeline__dates\">\n\t\t\t\t\t        \n\t\t\t\t\t        \t\n\t\t\t\t\t    <\/div> \t\t\t\t\t\t\t\n\t\t\t\t\t<\/div> \n\t\t\t\t\t\t\t\t\n\t\t\t<\/div>\t  \n\t\t\t\t\t<div class=\"cd-timeline__block pafe-vertical-timeline__block\">\n\t\t\t\t\t\t\t\t\t\t\n\t\t\t\t\t\t<div class=\"cd-timeline__img cd-timeline__img--picture pafe-vertical-timeline__icon\">\t\t\n\t\t\t\t\t\t\t<i class=\"fa fa-check\" aria-hidden=\"true\"><\/i>\t\n\t\t\t\t\t\t<\/div>\t\n\t\t\t\t\t\t \n\t\t\t\t\t\t\t\t\t<div class=\"cd-timeline__content text-component pafe-vertical-timeline-content\" data-pafe-vertical-timeline-content>\n\t\t\t\t\t\t<div class=\"pafe-vertical-timeline-content__title\">Horario<\/div>\n\t\t\t\t\t\t<div class=\"color-contrast-medium pafe-vertical-timeline-content__content\"><h6>24 horas 7 d\u00edas de la semana<\/h6><\/div>\n\t\t\t\n\t\t\t\t\t\t<div class=\"flex justify-between items-center pafe-vertical-timeline__dates\">\n\t\t\t\t\t        \n\t\t\t\t\t        \t\n\t\t\t\t\t    <\/div> \t\t\t\t\t\t\t\n\t\t\t\t\t<\/div> \n\t\t\t\t\t\t\t\t\n\t\t\t<\/div>\t  \n\t\t\t\n\t\t<\/div>\n\t\t\t\t\t\t<\/div>\n\t\t\t\t<\/div>\n\t\t\t\t<\/div>\n\t\t<div class=\"elementor-element elementor-element-c8c6e26 e-con-full e-flex e-con e-child\" data-id=\"c8c6e26\" data-element_type=\"container\" data-e-type=\"container\">\n\t\t\t\t<\/div>\n\t\t\t\t<\/div>\n\t\t\t\t\t<\/div>\n\t\t\t\t<\/div>\n\t\t\t\t<\/div>\n\t\t","protected":false},"excerpt":{"rendered":"<p>El Albergue Municipal perteneciente al Plan Protege Calle del Programa Noche Digna del Ministerio de Desarrollo Social y Familia tiene como\u00a0\u00a0\u00a0\u00a0\u00a0\u00a0 objetivo\u00a0\u00a0\u00a0\u00a0\u00a0\u00a0 entregar\u00a0\u00a0\u00a0\u00a0\u00a0\u00a0\u00a0\u00a0\u00a0\u00a0 prestaciones\u00a0\u00a0\u00a0\u00a0\u00a0\u00a0 de alojamiento,\u00a0 alimentaci\u00f3n,\u00a0\u00a0\u00a0\u00a0\u00a0 \u00a0\u00a0\u00a0\u00a0\u00a0\u00a0\u00a0\u00a0\u00a0\u00a0\u00a0\u00a0\u00a0\u00a0\u00a0 higiene,\u00a0\u00a0\u00a0\u00a0\u00a0\u00a0 abrigo, atenci\u00f3n b\u00e1sica de salud y derivaciones con la finalidad de proteger la vida y disminuir los riesgos a la salud de las personas en situaci\u00f3n [&hellip;]<\/p>\n","protected":false},"author":1,"featured_media":0,"parent":0,"menu_order":0,"comment_status":"closed","ping_status":"closed","template":"elementor_header_footer","meta":{"footnotes":""},"class_list":["post-2234","page","type-page","status-publish","hentry"],"rttpg_featured_image_url":null,"rttpg_author":{"display_name":"municco","author_link":"https:\/\/www.curico.cl\/home\/author\/municco\/"},"rttpg_comment":0,"rttpg_category":null,"rttpg_excerpt":"El Albergue Municipal perteneciente al Plan Protege Calle del Programa Noche Digna del Ministerio de Desarrollo Social y Familia tiene como\u00a0\u00a0\u00a0\u00a0\u00a0\u00a0 objetivo\u00a0\u00a0\u00a0\u00a0\u00a0\u00a0 entregar\u00a0\u00a0\u00a0\u00a0\u00a0\u00a0\u00a0\u00a0\u00a0\u00a0 prestaciones\u00a0\u00a0\u00a0\u00a0\u00a0\u00a0 de alojamiento,\u00a0 alimentaci\u00f3n,\u00a0\u00a0\u00a0\u00a0\u00a0 \u00a0\u00a0\u00a0\u00a0\u00a0\u00a0\u00a0\u00a0\u00a0\u00a0\u00a0\u00a0\u00a0\u00a0\u00a0 higiene,\u00a0\u00a0\u00a0\u00a0\u00a0\u00a0 abrigo, atenci\u00f3n b\u00e1sica de salud y derivaciones con la finalidad de proteger la vida y disminuir los riesgos a la salud de las personas en situaci\u00f3n&hellip;","_links":{"self":[{"href":"https:\/\/www.curico.cl\/home\/wp-json\/wp\/v2\/pages\/2234","targetHints":{"allow":["GET"]}}],"collection":[{"href":"https:\/\/www.curico.cl\/home\/wp-json\/wp\/v2\/pages"}],"about":[{"href":"https:\/\/www.curico.cl\/home\/wp-json\/wp\/v2\/types\/page"}],"author":[{"embeddable":true,"href":"https:\/\/www.curico.cl\/home\/wp-json\/wp\/v2\/users\/1"}],"replies":[{"embeddable":true,"href":"https:\/\/www.curico.cl\/home\/wp-json\/wp\/v2\/comments?post=2234"}],"version-history":[{"count":3,"href":"https:\/\/www.curico.cl\/home\/wp-json\/wp\/v2\/pages\/2234\/revisions"}],"predecessor-version":[{"id":4549,"href":"https:\/\/www.curico.cl\/home\/wp-json\/wp\/v2\/pages\/2234\/revisions\/4549"}],"wp:attachment":[{"href":"https:\/\/www.curico.cl\/home\/wp-json\/wp\/v2\/media?parent=2234"}],"curies":[{"name":"wp","href":"https:\/\/api.w.org\/{rel}","templated":true}]}}