{"id":2232,"date":"2025-01-25T01:58:08","date_gmt":"2025-01-25T01:58:08","guid":{"rendered":"https:\/\/www.curico.cl\/home\/?page_id=2232"},"modified":"2025-08-07T17:08:05","modified_gmt":"2025-08-07T17:08:05","slug":"programa-abriendo-caminos","status":"publish","type":"page","link":"https:\/\/www.curico.cl\/home\/programa-abriendo-caminos\/","title":{"rendered":"programa abriendo caminos"},"content":{"rendered":"\t\t<div data-elementor-type=\"wp-page\" data-elementor-id=\"2232\" class=\"elementor elementor-2232\" data-elementor-post-type=\"page\">\n\t\t\t\t<div class=\"elementor-element elementor-element-32d8358 e-flex e-con-boxed e-con e-parent\" data-id=\"32d8358\" data-element_type=\"container\" data-e-type=\"container\">\n\t\t\t\t\t<div class=\"e-con-inner\">\n\t\t<div class=\"elementor-element elementor-element-3403d6c e-con-full e-flex e-con e-child\" data-id=\"3403d6c\" data-element_type=\"container\" data-e-type=\"container\">\n\t\t\t\t<div class=\"elementor-element elementor-element-bba49de elementor-widget elementor-widget-text-editor\" data-id=\"bba49de\" data-element_type=\"widget\" data-e-type=\"widget\" data-widget_type=\"text-editor.default\">\n\t\t\t\t<div class=\"elementor-widget-container\">\n\t\t\t\t\t\t\t\t\t<h6 style=\"text-align: justify;\">El programa Abriendo Caminos es una estrategia de promoci\u00f3n y protecci\u00f3n social, dirigida a los ni\u00f1os, ni\u00f1as y adolescentes de 0 a 18 a\u00f1os, con un adulto significativo privado de libertad y su cuidador principal. En nuestra comuna es ejecutada por la Ilustre Municipalidad de Curic\u00f3, con fondos del Ministerio de Desarrollo Social y Familia.<\/h6><h6 style=\"text-align: justify;\">Su objetivo es apoyar a estos ni\u00f1os, ni\u00f1as y adolescentes, buscando mitigar los efectos psicol\u00f3gicos, familiares y sociales que les provoca la separaci\u00f3n forzosa prolongada del adulto privado de libertad.<\/h6><h6 style=\"text-align: justify;\">El programa consiste en brindar acompa\u00f1amiento a NNA con un adulto significativo privado de libertad y a su cuidador principal. Para esto, cada familia es acompa\u00f1ada por un Consejero\/a Familiar (Cuidador Principal) y un tutor\/a (NNA), que realizan un diagn\u00f3stico integral de las familias e implementan un proceso de acompa\u00f1amiento en las \u00e1reas psicosocial y sociolaboral.<\/h6><h6 style=\"text-align: justify;\">Diagn\u00f3stico: El equipo profesional identifica cu\u00e1les son las fortalezas, capacidades, necesidades y recursos de cada familia, para luego priorizar el apoyo y atenci\u00f3n social<\/h6><ul style=\"text-align: justify;\"><li><h6>Acompa\u00f1amiento: Se extiende por 24 meses y su objetivo es apoyar y orientar a los ni\u00f1os, ni\u00f1as y adolescentes y sus cuidadores\/as en aspectos personales y familiares para que el proceso de privaci\u00f3n de libertad no afecte su adecuado desarrollo y bienestar, en \u00e1reas como:<\/h6><\/li><li><h6>Salud<\/h6><\/li><li><h6>Educaci\u00f3n<\/h6><\/li><li><h6>Protecci\u00f3n de Derechos<\/h6><\/li><li><h6>Relaci\u00f3n Familiar<\/h6><\/li><li><h6>Trabajo<\/h6><\/li><li><h6>Acceso de Redes<\/h6><\/li><\/ul><h6 style=\"text-align: justify;\"><strong>Perfil de usuario<\/strong><\/h6><ul><li style=\"text-align: justify;\"><h6>Ni\u00f1os, ni\u00f1as y adolescentes que mantengan una relaci\u00f3n significativa con una persona privada de libertad.<\/h6><\/li><li><ul style=\"text-align: justify;\"><li><h6>Cuidadores\/as Principales, personas mayores de edad que est\u00e1n a cargo de ni\u00f1os, ni\u00f1as y adolescentes mientras la persona est\u00e1 privada de<\/h6><\/li><li><h6>Los ni\u00f1os y ni\u00f1as que nacen posterior a la privaci\u00f3n de libertad y que residen con sus madres en los recintos penitenciarios.<\/h6><\/li><\/ul><h6 style=\"text-align: justify;\"><strong>Requisitos para ingresar al programa<\/strong><\/h6><h6 style=\"text-align: justify;\">Como todos los programas de Chile Seguridades y Oportunidades, Abriendo Caminos no es un programa al que se postule, sino al que se invita a participar. Son contactados para ser invitados los cuidadores e hijos\/as de privados de libertad en Centros Penitenciarios de Gendarmer\u00eda de Chile. Para este efecto, un\/a profesional del programa visitar\u00e1 el domicilio para conocer la relaci\u00f3n entre el ni\u00f1o\/a o adolescente y el adulto privado de libertad.<\/h6><h6 style=\"text-align: justify;\"><strong>Beneficios del Programa<\/strong><strong>\u00a0<\/strong><\/h6><h6 style=\"text-align: justify;\">Para los Ni\u00f1os, ni\u00f1as y adolescentes:<\/h6><ul><li style=\"text-align: justify;\"><h6>Acompa\u00f1amiento profesional personalizado de un tutor\/a, en su lugar de<\/h6><\/li><li style=\"text-align: justify;\"><h6>Apoyo que considere sus derechos, opiniones, intereses y potencialidades.<\/h6><\/li><li style=\"text-align: justify;\"><h6>Tutor\u00edas seg\u00fan sus necesidades (atenci\u00f3n psicol\u00f3gica, apoyo escolar, desarrollo personal, afectividad, entre otras).<\/h6><\/li><li style=\"text-align: justify;\"><h6>Talleres, visitas a museos, bibliotecas, actividades art\u00edsticas, deportivas, culturales y<\/h6><\/li><li style=\"text-align: justify;\"><h6>Para los\/as Cuidadores\/as Principales:<\/h6><\/li><li style=\"text-align: justify;\"><h6>Orientaci\u00f3n y apoyo de un Consejero\/a para el fortalecimiento de competencias y habilidades parentales.<\/h6><\/li><li style=\"text-align: justify;\"><h6>Acompa\u00f1amiento profesional basado en asesor\u00edas y consejer\u00edas familiares orientadas a mejorar condiciones de bienestar y desarrollo<\/h6><\/li><li style=\"text-align: justify;\"><h6>Asesor\u00eda Sociolaboral para la promoci\u00f3n de competencias de empleabilidad y apoyo en la b\u00fasqueda de empleo o mejora en la actividad.<\/h6><\/li><li><h6 style=\"text-align: justify;\">Acceso a servicios y prestaciones, mediante la entrega de bonos y transferencias monetarias seg\u00fan el cumplimiento de los requisitos de acceso establecidos en la Ley 20595.<\/h6><\/li><\/ul><\/li><\/ul>\t\t\t\t\t\t\t\t<\/div>\n\t\t\t\t<\/div>\n\t\t\t\t<\/div>\n\t\t<div class=\"elementor-element elementor-element-a8e16b3 e-con-full e-flex e-con e-child\" data-id=\"a8e16b3\" data-element_type=\"container\" data-e-type=\"container\">\n\t\t<div class=\"elementor-element elementor-element-e9b04a1 e-con-full e-flex e-con e-child\" data-id=\"e9b04a1\" data-element_type=\"container\" data-e-type=\"container\">\n\t\t\t\t<div class=\"elementor-element elementor-element-5b0d6fb elementor-widget elementor-widget-pafe-vertical-timeline\" data-id=\"5b0d6fb\" data-element_type=\"widget\" data-e-type=\"widget\" data-widget_type=\"pafe-vertical-timeline.default\">\n\t\t\t\t<div class=\"elementor-widget-container\">\n\t\t\t\t\t\t\t<div class=\"cd-timeline js-cd-timeline pafe-vertical-timeline\" data-pafe-vertical-timeline>\n\t\t\t<div class=\"cd-timeline__container\">\n\t\t\t\t\t<div class=\"cd-timeline__block pafe-vertical-timeline__block\">\n\t\t\t\t\t\t\t\t\t\t\n\t\t\t\t\t\t<div class=\"cd-timeline__img cd-timeline__img--picture pafe-vertical-timeline__icon\">\t\t\n\t\t\t\t\t\t\t<i class=\"fa fa-address-book\" aria-hidden=\"true\"><\/i>\t\n\t\t\t\t\t\t<\/div>\t\n\t\t\t\t\t\t \n\t\t\t\t\t\t\t\t\t<div class=\"cd-timeline__content text-component pafe-vertical-timeline-content\" data-pafe-vertical-timeline-content>\n\t\t\t\t\t\t<div class=\"pafe-vertical-timeline-content__title\">Encargado<\/div>\n\t\t\t\t\t\t<div class=\"color-contrast-medium pafe-vertical-timeline-content__content\"><h6>Jimmy Corval\u00e1n Aravena<\/h6><\/div>\n\t\t\t\n\t\t\t\t\t\t<div class=\"flex justify-between items-center pafe-vertical-timeline__dates\">\n\t\t\t\t\t        \n\t\t\t\t\t        \t\n\t\t\t\t\t    <\/div> \t\t\t\t\t\t\t\n\t\t\t\t\t<\/div> \n\t\t\t\t\t\t\t\t\n\t\t\t<\/div>\t  \n\t\t\t\t\t<div class=\"cd-timeline__block pafe-vertical-timeline__block\">\n\t\t\t\t\t\t\t\t\t\t\n\t\t\t\t\t\t<div class=\"cd-timeline__img cd-timeline__img--picture pafe-vertical-timeline__icon\">\t\t\n\t\t\t\t\t\t\t<i class=\"fa fa-envelope-open\" aria-hidden=\"true\"><\/i>\t\n\t\t\t\t\t\t<\/div>\t\n\t\t\t\t\t\t \n\t\t\t\t\t\t\t\t\t<div class=\"cd-timeline__content text-component pafe-vertical-timeline-content\" data-pafe-vertical-timeline-content>\n\t\t\t\t\t\t<div class=\"pafe-vertical-timeline-content__title\">Correo<\/div>\n\t\t\t\t\t\t<div class=\"color-contrast-medium pafe-vertical-timeline-content__content\"><h6><a href=\"mailto:Pac2022@curico.cl\">Pac2022@curico.cl<\/a><\/h6><\/div>\n\t\t\t\n\t\t\t\t\t\t<div class=\"flex justify-between items-center pafe-vertical-timeline__dates\">\n\t\t\t\t\t        \n\t\t\t\t\t        \t\n\t\t\t\t\t    <\/div> \t\t\t\t\t\t\t\n\t\t\t\t\t<\/div> \n\t\t\t\t\t\t\t\t\n\t\t\t<\/div>\t  \n\t\t\t\t\t<div class=\"cd-timeline__block pafe-vertical-timeline__block\">\n\t\t\t\t\t\t\t\t\t\t\n\t\t\t\t\t\t<div class=\"cd-timeline__img cd-timeline__img--picture pafe-vertical-timeline__icon\">\t\t\n\t\t\t\t\t\t\t<i class=\"fa fa-map-marker\" aria-hidden=\"true\"><\/i>\t\n\t\t\t\t\t\t<\/div>\t\n\t\t\t\t\t\t \n\t\t\t\t\t\t\t\t\t<div class=\"cd-timeline__content text-component pafe-vertical-timeline-content\" data-pafe-vertical-timeline-content>\n\t\t\t\t\t\t<div class=\"pafe-vertical-timeline-content__title\">Direcci\u00f3n<\/div>\n\t\t\t\t\t\t<div class=\"color-contrast-medium pafe-vertical-timeline-content__content\"><h6 style=\"text-align: justify\">Calle Maip\u00fa N\u00b0 776, Curic\u00f3.<\/h6><\/div>\n\t\t\t\n\t\t\t\t\t\t<div class=\"flex justify-between items-center pafe-vertical-timeline__dates\">\n\t\t\t\t\t        \n\t\t\t\t\t        \t\n\t\t\t\t\t    <\/div> \t\t\t\t\t\t\t\n\t\t\t\t\t<\/div> \n\t\t\t\t\t\t\t\t\n\t\t\t<\/div>\t  \n\t\t\t\t\t<div class=\"cd-timeline__block pafe-vertical-timeline__block\">\n\t\t\t\t\t\t\t\t\t\t\n\t\t\t\t\t\t<div class=\"cd-timeline__img cd-timeline__img--picture pafe-vertical-timeline__icon\">\t\t\n\t\t\t\t\t\t\t<i class=\"fa fa-check\" aria-hidden=\"true\"><\/i>\t\n\t\t\t\t\t\t<\/div>\t\n\t\t\t\t\t\t \n\t\t\t\t\t\t\t\t\t<div class=\"cd-timeline__content text-component pafe-vertical-timeline-content\" data-pafe-vertical-timeline-content>\n\t\t\t\t\t\t<div class=\"pafe-vertical-timeline-content__title\">Horario<\/div>\n\t\t\t\t\t\t<div class=\"color-contrast-medium pafe-vertical-timeline-content__content\"><p>Lunes\u00a0 a\u00a0 viernes. 09:30 a 17.30 horas<\/p><\/div>\n\t\t\t\n\t\t\t\t\t\t<div class=\"flex justify-between items-center pafe-vertical-timeline__dates\">\n\t\t\t\t\t        \n\t\t\t\t\t        \t\n\t\t\t\t\t    <\/div> \t\t\t\t\t\t\t\n\t\t\t\t\t<\/div> \n\t\t\t\t\t\t\t\t\n\t\t\t<\/div>\t  \n\t\t\t\n\t\t<\/div>\n\t\t\t\t\t\t<\/div>\n\t\t\t\t<\/div>\n\t\t\t\t<\/div>\n\t\t<div class=\"elementor-element elementor-element-13f56e5 e-con-full e-flex e-con e-child\" data-id=\"13f56e5\" data-element_type=\"container\" data-e-type=\"container\">\n\t\t\t\t<\/div>\n\t\t\t\t<\/div>\n\t\t\t\t\t<\/div>\n\t\t\t\t<\/div>\n\t\t\t\t<\/div>\n\t\t","protected":false},"excerpt":{"rendered":"<p>El programa Abriendo Caminos es una estrategia de promoci\u00f3n y protecci\u00f3n social, dirigida a los ni\u00f1os, ni\u00f1as y adolescentes de 0 a 18 a\u00f1os, con un adulto significativo privado de libertad y su cuidador principal. En nuestra comuna es ejecutada por la Ilustre Municipalidad de Curic\u00f3, con fondos del Ministerio de Desarrollo Social y Familia. [&hellip;]<\/p>\n","protected":false},"author":1,"featured_media":0,"parent":0,"menu_order":0,"comment_status":"closed","ping_status":"closed","template":"elementor_header_footer","meta":{"footnotes":""},"class_list":["post-2232","page","type-page","status-publish","hentry"],"rttpg_featured_image_url":null,"rttpg_author":{"display_name":"municco","author_link":"https:\/\/www.curico.cl\/home\/author\/municco\/"},"rttpg_comment":0,"rttpg_category":null,"rttpg_excerpt":"El programa Abriendo Caminos es una estrategia de promoci\u00f3n y protecci\u00f3n social, dirigida a los ni\u00f1os, ni\u00f1as y adolescentes de 0 a 18 a\u00f1os, con un adulto significativo privado de libertad y su cuidador principal. En nuestra comuna es ejecutada por la Ilustre Municipalidad de Curic\u00f3, con fondos del Ministerio de Desarrollo Social y Familia.&hellip;","_links":{"self":[{"href":"https:\/\/www.curico.cl\/home\/wp-json\/wp\/v2\/pages\/2232","targetHints":{"allow":["GET"]}}],"collection":[{"href":"https:\/\/www.curico.cl\/home\/wp-json\/wp\/v2\/pages"}],"about":[{"href":"https:\/\/www.curico.cl\/home\/wp-json\/wp\/v2\/types\/page"}],"author":[{"embeddable":true,"href":"https:\/\/www.curico.cl\/home\/wp-json\/wp\/v2\/users\/1"}],"replies":[{"embeddable":true,"href":"https:\/\/www.curico.cl\/home\/wp-json\/wp\/v2\/comments?post=2232"}],"version-history":[{"count":3,"href":"https:\/\/www.curico.cl\/home\/wp-json\/wp\/v2\/pages\/2232\/revisions"}],"predecessor-version":[{"id":4546,"href":"https:\/\/www.curico.cl\/home\/wp-json\/wp\/v2\/pages\/2232\/revisions\/4546"}],"wp:attachment":[{"href":"https:\/\/www.curico.cl\/home\/wp-json\/wp\/v2\/media?parent=2232"}],"curies":[{"name":"wp","href":"https:\/\/api.w.org\/{rel}","templated":true}]}}