{"id":2226,"date":"2025-01-25T01:57:18","date_gmt":"2025-01-25T01:57:18","guid":{"rendered":"https:\/\/www.curico.cl\/home\/?page_id=2226"},"modified":"2025-08-07T17:08:36","modified_gmt":"2025-08-07T17:08:36","slug":"programa-familias","status":"publish","type":"page","link":"https:\/\/www.curico.cl\/home\/programa-familias\/","title":{"rendered":"programa familias"},"content":{"rendered":"\t\t<div data-elementor-type=\"wp-page\" data-elementor-id=\"2226\" class=\"elementor elementor-2226\" data-elementor-post-type=\"page\">\n\t\t\t\t<div class=\"elementor-element elementor-element-4e6c921 e-flex e-con-boxed e-con e-parent\" data-id=\"4e6c921\" data-element_type=\"container\" data-e-type=\"container\">\n\t\t\t\t\t<div class=\"e-con-inner\">\n\t\t<div class=\"elementor-element elementor-element-062b13e e-con-full e-flex e-con e-child\" data-id=\"062b13e\" data-element_type=\"container\" data-e-type=\"container\">\n\t\t\t\t<div class=\"elementor-element elementor-element-c603884 elementor-widget elementor-widget-text-editor\" data-id=\"c603884\" data-element_type=\"widget\" data-e-type=\"widget\" data-widget_type=\"text-editor.default\">\n\t\t\t\t<div class=\"elementor-widget-container\">\n\t\t\t\t\t\t\t\t\t<h6 style=\"text-align: justify;\">El programa consiste en brindar acompa\u00f1amiento integral a las familias en condici\u00f3n de pobreza extrema y vulnerabilidad a objeto de que puedan mejorar sus condiciones de vida y bienestar. Para esto, cada familia es acompa\u00f1ada por un o una profesional de la Unidad de Intervenci\u00f3n Familiar del municipio (Apoyo Familiar Integral (AFI) y\/o gestor socio-comunitario), a trav\u00e9s de sesiones individuales y familiares en su domicilio, y grupales y comunitarias, recibiendo a su vez un aporte en transferencias monetarias y acceso preferente por un periodo de 24 meses.<\/h6><h6 style=\"text-align: justify;\"><strong>Perfil de usuario<\/strong><\/h6><h6 style=\"text-align: justify;\">Pueden participar de este programa todas aquellas familias que se encuentren en condici\u00f3n de pobreza\u00a0\u00a0\u00a0\u00a0\u00a0\u00a0\u00a0 extrema y\u00a0\u00a0\u00a0\u00a0\u00a0\u00a0\u00a0\u00a0\u00a0 vulnerabilidad socioecon\u00f3mica, y que son identificadas a partir de su informaci\u00f3n en el Registro Social de Hogares.<\/h6><h6 style=\"text-align: justify;\"><strong>Requisitos para ingresar a la oficina<\/strong><\/h6><h6 style=\"text-align: justify;\">Como todos los programas de Chile Seguridades y Oportunidades, Familias <u>no es un<\/u><\/h6><ul><li><h6 style=\"text-align: justify;\"><u>programa al que se postule<\/u>, sino al que se invita a participar, a partir de un listado que entrega el Ministerio de Desarrollo Social con familias elegibles.<\/h6><ul style=\"text-align: justify;\"><li><h6>Para este efecto, un\/a profesional Gestor Familiar del Fondo Solidario de Inversi\u00f3n Social FOSIS o un Apoyo Familiar de su Municipalidad, concurrir\u00e1 al domicilio de la familia a objeto de contactarla e invitarla a participar del programa.<\/h6><\/li><\/ul><h6 style=\"text-align: justify;\"><strong>Beneficios de la Oficina<\/strong><\/h6><ul style=\"text-align: justify;\"><li><h6>Apoyo personalizado que considere sus derechos, opiniones, intereses y Potencialidades<\/h6><\/li><li><h6>Acompa\u00f1amiento integral en \u00e1mbitos sociales y laborales, en este \u00faltimo \u00e1mbito, apoyando el desarrollo de competencias de empleabilidad, y la b\u00fasqueda de empleo o mejoras en la actividad laboral.<\/h6><\/li><\/ul><ul><li><h6>Apoyo a la vinculaci\u00f3n e integraci\u00f3n de la familia a la red comunitaria en su territorio<\/h6><ul><li style=\"text-align: justify;\"><h6>Acceso a servicios y prestaciones, mediante la entrega de bonos y transferencias monetarias seg\u00fan el cumplimiento de los requisitos de acceso establecidos en la Ley 595.<\/h6><\/li><li style=\"text-align: justify;\"><h6>Transferencias monetarias que entrega el Estado, consistente en un bono de Protecci\u00f3n y otros bonos seg\u00fan las caracter\u00edsticas de la familia (bono control de ni\u00f1o sano; bono escolaridad, bono por logro escolar; bono por logro laboral).<\/h6><\/li><li style=\"text-align: justify;\"><h6>Acceso a programas y servicios sociales que complementan el acompa\u00f1amiento y que constituyen oportunidades concretas para abordar las problem\u00e1ticas de las familias<\/h6><\/li><\/ul><\/li><\/ul><\/li><\/ul>\t\t\t\t\t\t\t\t<\/div>\n\t\t\t\t<\/div>\n\t\t\t\t<\/div>\n\t\t<div class=\"elementor-element elementor-element-b6d355f e-con-full e-flex e-con e-child\" data-id=\"b6d355f\" data-element_type=\"container\" data-e-type=\"container\">\n\t\t<div class=\"elementor-element elementor-element-3585df7 e-con-full e-flex e-con e-child\" data-id=\"3585df7\" data-element_type=\"container\" data-e-type=\"container\">\n\t\t\t\t<div class=\"elementor-element elementor-element-7ee3524 elementor-widget elementor-widget-pafe-vertical-timeline\" data-id=\"7ee3524\" data-element_type=\"widget\" data-e-type=\"widget\" data-widget_type=\"pafe-vertical-timeline.default\">\n\t\t\t\t<div class=\"elementor-widget-container\">\n\t\t\t\t\t\t\t<div class=\"cd-timeline js-cd-timeline pafe-vertical-timeline\" data-pafe-vertical-timeline>\n\t\t\t<div class=\"cd-timeline__container\">\n\t\t\t\t\t<div class=\"cd-timeline__block pafe-vertical-timeline__block\">\n\t\t\t\t\t\t\t\t\t\t\n\t\t\t\t\t\t<div class=\"cd-timeline__img cd-timeline__img--picture pafe-vertical-timeline__icon\">\t\t\n\t\t\t\t\t\t\t<i class=\"fa fa-address-book\" aria-hidden=\"true\"><\/i>\t\n\t\t\t\t\t\t<\/div>\t\n\t\t\t\t\t\t \n\t\t\t\t\t\t\t\t\t<div class=\"cd-timeline__content text-component pafe-vertical-timeline-content\" data-pafe-vertical-timeline-content>\n\t\t\t\t\t\t<div class=\"pafe-vertical-timeline-content__title\">Encargada<\/div>\n\t\t\t\t\t\t<div class=\"color-contrast-medium pafe-vertical-timeline-content__content\"><h6>Cyndy Toledo Salas<\/h6><\/div>\n\t\t\t\n\t\t\t\t\t\t<div class=\"flex justify-between items-center pafe-vertical-timeline__dates\">\n\t\t\t\t\t        \n\t\t\t\t\t        \t\n\t\t\t\t\t    <\/div> \t\t\t\t\t\t\t\n\t\t\t\t\t<\/div> \n\t\t\t\t\t\t\t\t\n\t\t\t<\/div>\t  \n\t\t\t\t\t<div class=\"cd-timeline__block pafe-vertical-timeline__block\">\n\t\t\t\t\t\t\t\t\t\t\n\t\t\t\t\t\t<div class=\"cd-timeline__img cd-timeline__img--picture pafe-vertical-timeline__icon\">\t\t\n\t\t\t\t\t\t\t<i class=\"fa fa-envelope-open\" aria-hidden=\"true\"><\/i>\t\n\t\t\t\t\t\t<\/div>\t\n\t\t\t\t\t\t \n\t\t\t\t\t\t\t\t\t<div class=\"cd-timeline__content text-component pafe-vertical-timeline-content\" data-pafe-vertical-timeline-content>\n\t\t\t\t\t\t<div class=\"pafe-vertical-timeline-content__title\">Correo<\/div>\n\t\t\t\t\t\t<div class=\"color-contrast-medium pafe-vertical-timeline-content__content\"><h6>uif@curico.cl<br \/>cyndy.toledo@curico.cl<\/h6><\/div>\n\t\t\t\n\t\t\t\t\t\t<div class=\"flex justify-between items-center pafe-vertical-timeline__dates\">\n\t\t\t\t\t        \n\t\t\t\t\t        \t\n\t\t\t\t\t    <\/div> \t\t\t\t\t\t\t\n\t\t\t\t\t<\/div> \n\t\t\t\t\t\t\t\t\n\t\t\t<\/div>\t  \n\t\t\t\t\t<div class=\"cd-timeline__block pafe-vertical-timeline__block\">\n\t\t\t\t\t\t\t\t\t\t\n\t\t\t\t\t\t<div class=\"cd-timeline__img cd-timeline__img--picture pafe-vertical-timeline__icon\">\t\t\n\t\t\t\t\t\t\t<i class=\"fa fa-map-marker\" aria-hidden=\"true\"><\/i>\t\n\t\t\t\t\t\t<\/div>\t\n\t\t\t\t\t\t \n\t\t\t\t\t\t\t\t\t<div class=\"cd-timeline__content text-component pafe-vertical-timeline-content\" data-pafe-vertical-timeline-content>\n\t\t\t\t\t\t<div class=\"pafe-vertical-timeline-content__title\">Direcci\u00f3n<\/div>\n\t\t\t\t\t\t<div class=\"color-contrast-medium pafe-vertical-timeline-content__content\"><h6 style=\"text-align: justify\">Lunes a viernes. 8:30- 14:00 15:00-17:15, Los apoyos familiares acuden diariamente a\u00a0\u00a0\u00a0\u00a0\u00a0\u00a0\u00a0\u00a0\u00a0 visitas domiciliarias entre las 09:00 hrs a 18:30hrs.<\/h6><\/div>\n\t\t\t\n\t\t\t\t\t\t<div class=\"flex justify-between items-center pafe-vertical-timeline__dates\">\n\t\t\t\t\t        \n\t\t\t\t\t        \t\n\t\t\t\t\t    <\/div> \t\t\t\t\t\t\t\n\t\t\t\t\t<\/div> \n\t\t\t\t\t\t\t\t\n\t\t\t<\/div>\t  \n\t\t\t\t\t<div class=\"cd-timeline__block pafe-vertical-timeline__block\">\n\t\t\t\t\t\t\t\t\t\t\n\t\t\t\t\t\t<div class=\"cd-timeline__img cd-timeline__img--picture pafe-vertical-timeline__icon\">\t\t\n\t\t\t\t\t\t\t<i class=\"fa fa-check\" aria-hidden=\"true\"><\/i>\t\n\t\t\t\t\t\t<\/div>\t\n\t\t\t\t\t\t \n\t\t\t\t\t\t\t\t\t<div class=\"cd-timeline__content text-component pafe-vertical-timeline-content\" data-pafe-vertical-timeline-content>\n\t\t\t\t\t\t<div class=\"pafe-vertical-timeline-content__title\">Horario<\/div>\n\t\t\t\t\t\t<div class=\"color-contrast-medium pafe-vertical-timeline-content__content\"><h6>Lunes a viernes. 8.30- 14:00 15.00-17.00<\/h6><\/div>\n\t\t\t\n\t\t\t\t\t\t<div class=\"flex justify-between items-center pafe-vertical-timeline__dates\">\n\t\t\t\t\t        \n\t\t\t\t\t        \t\n\t\t\t\t\t    <\/div> \t\t\t\t\t\t\t\n\t\t\t\t\t<\/div> \n\t\t\t\t\t\t\t\t\n\t\t\t<\/div>\t  \n\t\t\t\n\t\t<\/div>\n\t\t\t\t\t\t<\/div>\n\t\t\t\t<\/div>\n\t\t\t\t<\/div>\n\t\t<div class=\"elementor-element elementor-element-8b31865 e-con-full e-flex e-con e-child\" data-id=\"8b31865\" data-element_type=\"container\" data-e-type=\"container\">\n\t\t\t\t<\/div>\n\t\t\t\t<\/div>\n\t\t\t\t\t<\/div>\n\t\t\t\t<\/div>\n\t\t\t\t<\/div>\n\t\t","protected":false},"excerpt":{"rendered":"<p>El programa consiste en brindar acompa\u00f1amiento integral a las familias en condici\u00f3n de pobreza extrema y vulnerabilidad a objeto de que puedan mejorar sus condiciones de vida y bienestar. Para esto, cada familia es acompa\u00f1ada por un o una profesional de la Unidad de Intervenci\u00f3n Familiar del municipio (Apoyo Familiar Integral (AFI) y\/o gestor socio-comunitario), [&hellip;]<\/p>\n","protected":false},"author":1,"featured_media":0,"parent":0,"menu_order":0,"comment_status":"closed","ping_status":"closed","template":"elementor_header_footer","meta":{"footnotes":""},"class_list":["post-2226","page","type-page","status-publish","hentry"],"rttpg_featured_image_url":null,"rttpg_author":{"display_name":"municco","author_link":"https:\/\/www.curico.cl\/home\/author\/municco\/"},"rttpg_comment":0,"rttpg_category":null,"rttpg_excerpt":"El programa consiste en brindar acompa\u00f1amiento integral a las familias en condici\u00f3n de pobreza extrema y vulnerabilidad a objeto de que puedan mejorar sus condiciones de vida y bienestar. Para esto, cada familia es acompa\u00f1ada por un o una profesional de la Unidad de Intervenci\u00f3n Familiar del municipio (Apoyo Familiar Integral (AFI) y\/o gestor socio-comunitario),&hellip;","_links":{"self":[{"href":"https:\/\/www.curico.cl\/home\/wp-json\/wp\/v2\/pages\/2226","targetHints":{"allow":["GET"]}}],"collection":[{"href":"https:\/\/www.curico.cl\/home\/wp-json\/wp\/v2\/pages"}],"about":[{"href":"https:\/\/www.curico.cl\/home\/wp-json\/wp\/v2\/types\/page"}],"author":[{"embeddable":true,"href":"https:\/\/www.curico.cl\/home\/wp-json\/wp\/v2\/users\/1"}],"replies":[{"embeddable":true,"href":"https:\/\/www.curico.cl\/home\/wp-json\/wp\/v2\/comments?post=2226"}],"version-history":[{"count":3,"href":"https:\/\/www.curico.cl\/home\/wp-json\/wp\/v2\/pages\/2226\/revisions"}],"predecessor-version":[{"id":4552,"href":"https:\/\/www.curico.cl\/home\/wp-json\/wp\/v2\/pages\/2226\/revisions\/4552"}],"wp:attachment":[{"href":"https:\/\/www.curico.cl\/home\/wp-json\/wp\/v2\/media?parent=2226"}],"curies":[{"name":"wp","href":"https:\/\/api.w.org\/{rel}","templated":true}]}}