{"id":2224,"date":"2025-01-25T01:57:05","date_gmt":"2025-01-25T01:57:05","guid":{"rendered":"https:\/\/www.curico.cl\/home\/?page_id=2224"},"modified":"2025-08-07T17:09:16","modified_gmt":"2025-08-07T17:09:16","slug":"programa-fiadi","status":"publish","type":"page","link":"https:\/\/www.curico.cl\/home\/programa-fiadi\/","title":{"rendered":"programa fiadi"},"content":{"rendered":"\t\t<div data-elementor-type=\"wp-page\" data-elementor-id=\"2224\" class=\"elementor elementor-2224\" data-elementor-post-type=\"page\">\n\t\t\t\t<div class=\"elementor-element elementor-element-d58a3dc e-flex e-con-boxed e-con e-parent\" data-id=\"d58a3dc\" data-element_type=\"container\" data-e-type=\"container\">\n\t\t\t\t\t<div class=\"e-con-inner\">\n\t\t<div class=\"elementor-element elementor-element-5a4e6c5 e-con-full e-flex e-con e-child\" data-id=\"5a4e6c5\" data-element_type=\"container\" data-e-type=\"container\">\n\t\t\t\t<div class=\"elementor-element elementor-element-89c5d8d elementor-widget elementor-widget-text-editor\" data-id=\"89c5d8d\" data-element_type=\"widget\" data-e-type=\"widget\" data-widget_type=\"text-editor.default\">\n\t\t\t\t<div class=\"elementor-widget-container\">\n\t\t\t\t\t\t\t\t\t<p style=\"text-align: justify;\">PROGRAMA FIADI (Fondo de Intervenci\u00f3n de Apoyo Desarrollo Infantil) Modalidad Discapacidad<\/p><p style=\"text-align: justify;\">Favorecer el desarrollo integral de ni\u00f1os\/as de 0 a 5 a\u00f1os que presenten alg\u00fan grado de discapacidad y\/o alteraci\u00f3n en su desarrollo, categorizado como de baja complejidad, debido a patolog\u00edas adquiridas o cong\u00e9nitas que han sido detectadas en los controles de salud de la atenci\u00f3n primaria o secundaria.<\/p><p style=\"text-align: justify;\">Atenci\u00f3n multidisciplinaria de Terapia Ocupacional, Kinesiolog\u00eda y Fonoaudiolog\u00eda<\/p><p style=\"text-align: justify;\"><strong>Perfil de usuario<\/strong><\/p><p style=\"text-align: justify;\">Ni\u00f1os y ni\u00f1as de 0 a 4 a\u00f1os y 11 meses de edad, pertenecientes a la Comuna de Curic\u00f3 y usuarios de la red p\u00fablica de salud o educaci\u00f3n, que presenten discapacidad leve o moderada y\/o condici\u00f3n asociada a discapacidad. De forma excepcional ni\u00f1as y ni\u00f1os de 5 a 10 a\u00f1os.<\/p><p style=\"text-align: justify;\"><strong>Requisitos para ingresar a la oficina<\/strong><\/p><p style=\"text-align: justify;\"><strong>\u00a0<\/strong>Pertenecer a la red de salud o educaci\u00f3n p\u00fablica.<\/p><ul style=\"text-align: justify;\"><li>tener entre 0 y 4 a\u00f1os y 11 meses de edad que se encuentren en situaci\u00f3n de discapacidad o con sospecha.<\/li><li>Derivaciones desde atenci\u00f3n de salud primaria: salas de estimulaci\u00f3n y atenci\u00f3n secundaria: Gimnasio Infantil, Hospital de Curic\u00f3.<\/li><li>Demanda Espont\u00e1nea<\/li><\/ul><p style=\"text-align: justify;\"><strong>Beneficios de la Oficina<\/strong><\/p><p style=\"text-align: justify;\"><strong>\u00a0<\/strong>Favorecer el desarrollo, funcionamiento y bienestar integral de ni\u00f1os y ni\u00f1as de 0 a 4 a\u00f1os que presenten discapacidad leve o moderada y\/o condici\u00f3n asociada a discapacidad, mediante la ejecuci\u00f3n de planes de intervenci\u00f3n con prop\u00f3sitos de avance a nivel individual, familiar y comunitario.<\/p>\t\t\t\t\t\t\t\t<\/div>\n\t\t\t\t<\/div>\n\t\t\t\t<\/div>\n\t\t<div class=\"elementor-element elementor-element-d556dcf e-con-full e-flex e-con e-child\" data-id=\"d556dcf\" data-element_type=\"container\" data-e-type=\"container\">\n\t\t<div class=\"elementor-element elementor-element-e030e47 e-con-full e-flex e-con e-child\" data-id=\"e030e47\" data-element_type=\"container\" data-e-type=\"container\">\n\t\t\t\t<div class=\"elementor-element elementor-element-8e584a9 elementor-widget elementor-widget-pafe-vertical-timeline\" data-id=\"8e584a9\" data-element_type=\"widget\" data-e-type=\"widget\" data-widget_type=\"pafe-vertical-timeline.default\">\n\t\t\t\t<div class=\"elementor-widget-container\">\n\t\t\t\t\t\t\t<div class=\"cd-timeline js-cd-timeline pafe-vertical-timeline\" data-pafe-vertical-timeline>\n\t\t\t<div class=\"cd-timeline__container\">\n\t\t\t\t\t<div class=\"cd-timeline__block pafe-vertical-timeline__block\">\n\t\t\t\t\t\t\t\t\t\t\n\t\t\t\t\t\t<div class=\"cd-timeline__img cd-timeline__img--picture pafe-vertical-timeline__icon\">\t\t\n\t\t\t\t\t\t\t<i class=\"fa fa-address-book\" aria-hidden=\"true\"><\/i>\t\n\t\t\t\t\t\t<\/div>\t\n\t\t\t\t\t\t \n\t\t\t\t\t\t\t\t\t<div class=\"cd-timeline__content text-component pafe-vertical-timeline-content\" data-pafe-vertical-timeline-content>\n\t\t\t\t\t\t<div class=\"pafe-vertical-timeline-content__title\">Encargada<\/div>\n\t\t\t\t\t\t<div class=\"color-contrast-medium pafe-vertical-timeline-content__content\"><h6>Karen P\u00e9rez Vergara<\/h6><\/div>\n\t\t\t\n\t\t\t\t\t\t<div class=\"flex justify-between items-center pafe-vertical-timeline__dates\">\n\t\t\t\t\t        \n\t\t\t\t\t        \t\n\t\t\t\t\t    <\/div> \t\t\t\t\t\t\t\n\t\t\t\t\t<\/div> \n\t\t\t\t\t\t\t\t\n\t\t\t<\/div>\t  \n\t\t\t\t\t<div class=\"cd-timeline__block pafe-vertical-timeline__block\">\n\t\t\t\t\t\t\t\t\t\t\n\t\t\t\t\t\t<div class=\"cd-timeline__img cd-timeline__img--picture pafe-vertical-timeline__icon\">\t\t\n\t\t\t\t\t\t\t<i class=\"fa fa-envelope-open\" aria-hidden=\"true\"><\/i>\t\n\t\t\t\t\t\t<\/div>\t\n\t\t\t\t\t\t \n\t\t\t\t\t\t\t\t\t<div class=\"cd-timeline__content text-component pafe-vertical-timeline-content\" data-pafe-vertical-timeline-content>\n\t\t\t\t\t\t<div class=\"pafe-vertical-timeline-content__title\">Correo<\/div>\n\t\t\t\t\t\t<div class=\"color-contrast-medium pafe-vertical-timeline-content__content\"><h6><a href=\"mailto:chilecrece@curico.cl\">chilecrece@curico.cl<\/a><\/h6><\/div>\n\t\t\t\n\t\t\t\t\t\t<div class=\"flex justify-between items-center pafe-vertical-timeline__dates\">\n\t\t\t\t\t        \n\t\t\t\t\t        \t\n\t\t\t\t\t    <\/div> \t\t\t\t\t\t\t\n\t\t\t\t\t<\/div> \n\t\t\t\t\t\t\t\t\n\t\t\t<\/div>\t  \n\t\t\t\t\t<div class=\"cd-timeline__block pafe-vertical-timeline__block\">\n\t\t\t\t\t\t\t\t\t\t\n\t\t\t\t\t\t<div class=\"cd-timeline__img cd-timeline__img--picture pafe-vertical-timeline__icon\">\t\t\n\t\t\t\t\t\t\t<i class=\"fa fa-map-marker\" aria-hidden=\"true\"><\/i>\t\n\t\t\t\t\t\t<\/div>\t\n\t\t\t\t\t\t \n\t\t\t\t\t\t\t\t\t<div class=\"cd-timeline__content text-component pafe-vertical-timeline-content\" data-pafe-vertical-timeline-content>\n\t\t\t\t\t\t<div class=\"pafe-vertical-timeline-content__title\">Direcci\u00f3n<\/div>\n\t\t\t\t\t\t<div class=\"color-contrast-medium pafe-vertical-timeline-content__content\"><h6>Calle\u00a0 Argomedo\u00a0 n\u00b0350, Curic\u00f3<\/h6><\/div>\n\t\t\t\n\t\t\t\t\t\t<div class=\"flex justify-between items-center pafe-vertical-timeline__dates\">\n\t\t\t\t\t        \n\t\t\t\t\t        \t\n\t\t\t\t\t    <\/div> \t\t\t\t\t\t\t\n\t\t\t\t\t<\/div> \n\t\t\t\t\t\t\t\t\n\t\t\t<\/div>\t  \n\t\t\t\t\t<div class=\"cd-timeline__block pafe-vertical-timeline__block\">\n\t\t\t\t\t\t\t\t\t\t\n\t\t\t\t\t\t<div class=\"cd-timeline__img cd-timeline__img--picture pafe-vertical-timeline__icon\">\t\t\n\t\t\t\t\t\t\t<i class=\"fa fa-check\" aria-hidden=\"true\"><\/i>\t\n\t\t\t\t\t\t<\/div>\t\n\t\t\t\t\t\t \n\t\t\t\t\t\t\t\t\t<div class=\"cd-timeline__content text-component pafe-vertical-timeline-content\" data-pafe-vertical-timeline-content>\n\t\t\t\t\t\t<div class=\"pafe-vertical-timeline-content__title\">Horario<\/div>\n\t\t\t\t\t\t<div class=\"color-contrast-medium pafe-vertical-timeline-content__content\"><h6>Lunes a viernes. 8.30- 14:00 15.00-17.00<\/h6><\/div>\n\t\t\t\n\t\t\t\t\t\t<div class=\"flex justify-between items-center pafe-vertical-timeline__dates\">\n\t\t\t\t\t        \n\t\t\t\t\t        \t\n\t\t\t\t\t    <\/div> \t\t\t\t\t\t\t\n\t\t\t\t\t<\/div> \n\t\t\t\t\t\t\t\t\n\t\t\t<\/div>\t  \n\t\t\t\n\t\t<\/div>\n\t\t\t\t\t\t<\/div>\n\t\t\t\t<\/div>\n\t\t\t\t<\/div>\n\t\t<div class=\"elementor-element elementor-element-680cbba e-con-full e-flex e-con e-child\" data-id=\"680cbba\" data-element_type=\"container\" data-e-type=\"container\">\n\t\t\t\t<\/div>\n\t\t\t\t<\/div>\n\t\t\t\t\t<\/div>\n\t\t\t\t<\/div>\n\t\t\t\t<\/div>\n\t\t","protected":false},"excerpt":{"rendered":"<p>PROGRAMA FIADI (Fondo de Intervenci\u00f3n de Apoyo Desarrollo Infantil) Modalidad Discapacidad Favorecer el desarrollo integral de ni\u00f1os\/as de 0 a 5 a\u00f1os que presenten alg\u00fan grado de discapacidad y\/o alteraci\u00f3n en su desarrollo, categorizado como de baja complejidad, debido a patolog\u00edas adquiridas o cong\u00e9nitas que han sido detectadas en los controles de salud de la [&hellip;]<\/p>\n","protected":false},"author":1,"featured_media":0,"parent":0,"menu_order":0,"comment_status":"closed","ping_status":"closed","template":"elementor_header_footer","meta":{"footnotes":""},"class_list":["post-2224","page","type-page","status-publish","hentry"],"rttpg_featured_image_url":null,"rttpg_author":{"display_name":"municco","author_link":"https:\/\/www.curico.cl\/home\/author\/municco\/"},"rttpg_comment":0,"rttpg_category":null,"rttpg_excerpt":"PROGRAMA FIADI (Fondo de Intervenci\u00f3n de Apoyo Desarrollo Infantil) Modalidad Discapacidad Favorecer el desarrollo integral de ni\u00f1os\/as de 0 a 5 a\u00f1os que presenten alg\u00fan grado de discapacidad y\/o alteraci\u00f3n en su desarrollo, categorizado como de baja complejidad, debido a patolog\u00edas adquiridas o cong\u00e9nitas que han sido detectadas en los controles de salud de la&hellip;","_links":{"self":[{"href":"https:\/\/www.curico.cl\/home\/wp-json\/wp\/v2\/pages\/2224","targetHints":{"allow":["GET"]}}],"collection":[{"href":"https:\/\/www.curico.cl\/home\/wp-json\/wp\/v2\/pages"}],"about":[{"href":"https:\/\/www.curico.cl\/home\/wp-json\/wp\/v2\/types\/page"}],"author":[{"embeddable":true,"href":"https:\/\/www.curico.cl\/home\/wp-json\/wp\/v2\/users\/1"}],"replies":[{"embeddable":true,"href":"https:\/\/www.curico.cl\/home\/wp-json\/wp\/v2\/comments?post=2224"}],"version-history":[{"count":3,"href":"https:\/\/www.curico.cl\/home\/wp-json\/wp\/v2\/pages\/2224\/revisions"}],"predecessor-version":[{"id":4558,"href":"https:\/\/www.curico.cl\/home\/wp-json\/wp\/v2\/pages\/2224\/revisions\/4558"}],"wp:attachment":[{"href":"https:\/\/www.curico.cl\/home\/wp-json\/wp\/v2\/media?parent=2224"}],"curies":[{"name":"wp","href":"https:\/\/api.w.org\/{rel}","templated":true}]}}